{"id":80,"date":"2021-03-10T10:58:43","date_gmt":"2021-03-10T09:58:43","guid":{"rendered":"https:\/\/programaescalera.org\/iwden\/?page_id=80"},"modified":"2023-10-03T01:58:22","modified_gmt":"2023-10-02T23:58:22","slug":"speakers-panelists","status":"publish","type":"page","link":"https:\/\/programaescalera.org\/dimes\/speakers-panelists\/","title":{"rendered":"Speakers &amp; Panelists"},"content":{"rendered":"<p>[et_pb_section fb_built=&#8221;1&#8243; custom_padding_last_edited=&#8221;on|phone&#8221; admin_label=&#8221;Hero&#8221; _builder_version=&#8221;4.16&#8243; background_color=&#8221;#4B00E1&#8243; use_background_color_gradient=&#8221;on&#8221; background_color_gradient_direction=&#8221;271deg&#8221; background_color_gradient_stops=&#8221;#2900a5 0%|#3500b2 100%&#8221; background_color_gradient_start=&#8221;#2900a5&#8243; background_color_gradient_end=&#8221;#3500b2&#8243; background_image=&#8221;https:\/\/programaescalera.org\/iwden\/wp-content\/uploads\/sites\/2\/2021\/03\/Header.png&#8221; background_size=&#8221;contain&#8221; background_position=&#8221;bottom_right&#8221; background_blend=&#8221;overlay&#8221; min_height=&#8221;700px&#8221; custom_margin=&#8221;||-2px|||&#8221; custom_padding=&#8221;100px|0px|0px|0px||&#8221; custom_padding_tablet=&#8221;&#8221; custom_padding_phone=&#8221;40px||40px||false|false&#8221; global_colors_info=&#8221;{}&#8221;][et_pb_row column_structure=&#8221;1_2,1_2&#8243; make_equal=&#8221;on&#8221; _builder_version=&#8221;4.16&#8243; background_size=&#8221;initial&#8221; background_position=&#8221;top_left&#8221; background_repeat=&#8221;repeat&#8221; custom_margin=&#8221;|||&#8221; custom_padding=&#8221;|||&#8221; global_colors_info=&#8221;{}&#8221;][et_pb_column type=&#8221;1_2&#8243; _builder_version=&#8221;4.16&#8243; custom_padding=&#8221;|||&#8221; custom_padding_tablet=&#8221;20px|10%|0px|10%&#8221; custom_padding_last_edited=&#8221;off|desktop&#8221; global_colors_info=&#8221;{}&#8221; padding_tablet=&#8221;20px|10%|0px|10%&#8221; padding_last_edited=&#8221;off|desktop&#8221; custom_padding__hover=&#8221;|||&#8221;][et_pb_text _builder_version=&#8221;4.16&#8243; text_font=&#8221;Ubuntu||||||||&#8221; text_text_color=&#8221;#FFFFFF&#8221; text_font_size=&#8221;24px&#8221; text_line_height=&#8221;1.8em&#8221; header_font=&#8221;||||||||&#8221; background_layout=&#8221;dark&#8221; custom_margin=&#8221;||10px|&#8221; animation_style=&#8221;flip&#8221; animation_direction=&#8221;top&#8221; animation_delay=&#8221;50ms&#8221; text_line_height_tablet=&#8221;1.8em&#8221; text_line_height_last_edited=&#8221;off|desktop&#8221; global_colors_info=&#8221;{}&#8221;]<\/p>\n<p><span class=\"JsGRdQ\">Desafiando el sesgo de g\u00e9nero<\/span><span class=\"JsGRdQ white-space-prewrap\"> <\/span><span class=\"JsGRdQ\">en el emprendimiento<\/span><\/p>\n<p>[\/et_pb_text][et_pb_text _builder_version=&#8221;4.16&#8243; text_font=&#8221;||||||||&#8221; header_font=&#8221;Lato|900|||||||&#8221; header_text_color=&#8221;#3DFFED&#8221; header_font_size=&#8221;50px&#8221; header_line_height=&#8221;1.3em&#8221; background_layout=&#8221;dark&#8221; custom_margin=&#8221;||0px|&#8221; animation_style=&#8221;flip&#8221; animation_direction=&#8221;top&#8221; header_font_size_tablet=&#8221;&#8221; header_font_size_phone=&#8221;45px&#8221; header_font_size_last_edited=&#8221;on|phone&#8221; global_colors_info=&#8221;{}&#8221;]<\/p>\n<h1>Conferencistas y panelistas<\/h1>\n<p>[\/et_pb_text][et_pb_divider color=&#8221;#FFFFFF&#8221; divider_position=&#8221;center&#8221; divider_weight=&#8221;3px&#8221; _builder_version=&#8221;4.16&#8243; max_width=&#8221;90px&#8221; max_width_tablet=&#8221;12%&#8221; max_width_last_edited=&#8221;off|desktop&#8221; custom_margin=&#8221;|||&#8221; animation_style=&#8221;flip&#8221; animation_delay=&#8221;100ms&#8221; global_colors_info=&#8221;{}&#8221;][\/et_pb_divider][et_pb_countdown_timer title=&#8221;El evento empieza en:&#8221; date_time=&#8221;2021-03-24 09:01&#8243; _builder_version=&#8221;4.16&#8243; _module_preset=&#8221;default&#8221; header_font=&#8221;Lato|900|||||||&#8221; background_color=&#8221;#4B00E1&#8243; custom_margin=&#8221;||49px|||&#8221; global_colors_info=&#8221;{}&#8221;][\/et_pb_countdown_timer][\/et_pb_column][et_pb_column type=&#8221;1_2&#8243; _builder_version=&#8221;4.16&#8243; custom_padding=&#8221;|||&#8221; global_colors_info=&#8221;{}&#8221; custom_padding__hover=&#8221;|||&#8221;][\/et_pb_column][\/et_pb_row][\/et_pb_section][et_pb_section fb_built=&#8221;1&#8243; admin_label=&#8221;Speakers&#8221; _builder_version=&#8221;4.16&#8243; custom_margin=&#8221;-4px|||||&#8221; custom_padding=&#8221;0px||90px|||&#8221; animation_style=&#8221;zoom&#8221; animation_intensity_zoom=&#8221;10%&#8221; global_colors_info=&#8221;{}&#8221;][et_pb_row _builder_version=&#8221;4.16&#8243; custom_margin=&#8221;|||&#8221; custom_padding=&#8221;101px|||||&#8221; global_colors_info=&#8221;{}&#8221;][et_pb_column type=&#8221;4_4&#8243; _builder_version=&#8221;4.16&#8243; custom_padding=&#8221;|||&#8221; global_colors_info=&#8221;{}&#8221; custom_padding__hover=&#8221;|||&#8221;][et_pb_text module_id=&#8221;speakers&#8221; _builder_version=&#8221;4.16&#8243; text_font=&#8221;||||||||&#8221; header_font=&#8221;||||||||&#8221; header_2_font=&#8221;Lato|700|||||||&#8221; header_2_text_align=&#8221;center&#8221; header_2_text_color=&#8221;#4B00E1&#8243; header_2_font_size=&#8221;40px&#8221; header_2_line_height=&#8221;1.3em&#8221; max_width=&#8221;700px&#8221; module_alignment=&#8221;center&#8221; custom_margin=&#8221;||2px|||&#8221; global_colors_info=&#8221;{}&#8221;]<\/p>\n<h2>Conferencistas<\/h2>\n<p>[\/et_pb_text][et_pb_divider color=&#8221;#3DFFED&#8221; divider_position=&#8221;center&#8221; divider_weight=&#8221;4px&#8221; _builder_version=&#8221;4.16&#8243; _module_preset=&#8221;default&#8221; max_width=&#8221;90px&#8221; module_alignment=&#8221;center&#8221; global_colors_info=&#8221;{}&#8221;][\/et_pb_divider][\/et_pb_column][\/et_pb_row][et_pb_row column_structure=&#8221;1_3,2_3&#8243; _builder_version=&#8221;4.16&#8243; custom_margin=&#8221;|||&#8221; custom_padding=&#8221;40px|0px|40px|0px&#8221; global_colors_info=&#8221;{}&#8221;][et_pb_column type=&#8221;1_3&#8243; _builder_version=&#8221;4.16&#8243; custom_padding=&#8221;|||&#8221; global_colors_info=&#8221;{}&#8221; custom_padding__hover=&#8221;|||&#8221;][et_pb_image src=&#8221;https:\/\/programaescalera.org\/iwden\/wp-content\/uploads\/sites\/2\/2021\/03\/AdriAguilar.png&#8221; title_text=&#8221;AdriAguilar&#8221; align=&#8221;center&#8221; _builder_version=&#8221;4.16&#8243; custom_margin=&#8221;|||&#8221; custom_margin_tablet=&#8221;90px|||&#8221; custom_margin_last_edited=&#8221;off|desktop&#8221; always_center_on_mobile=&#8221;off&#8221; locked=&#8221;off&#8221; global_colors_info=&#8221;{}&#8221;][\/et_pb_image][et_pb_social_media_follow _builder_version=&#8221;4.16&#8243; text_orientation=&#8221;center&#8221; locked=&#8221;off&#8221; global_colors_info=&#8221;{}&#8221;][et_pb_social_media_follow_network social_network=&#8221;linkedin&#8221; url=&#8221;https:\/\/www.linkedin.com\/in\/adriaguilar\/&#8221; _builder_version=&#8221;4.16&#8243; background_color=&#8221;#181819&#8243; global_colors_info=&#8221;{}&#8221; follow_button=&#8221;off&#8221; url_new_window=&#8221;on&#8221;]linkedin[\/et_pb_social_media_follow_network][\/et_pb_social_media_follow][\/et_pb_column][et_pb_column type=&#8221;2_3&#8243; _builder_version=&#8221;4.16&#8243; custom_padding=&#8221;|||&#8221; global_colors_info=&#8221;{}&#8221; custom_padding__hover=&#8221;|||&#8221;][et_pb_text _builder_version=&#8221;4.16&#8243; text_font=&#8221;||||||||&#8221; text_text_color=&#8221;#7e7f93&#8243; text_font_size=&#8221;18px&#8221; header_font=&#8221;||||||||&#8221; header_3_font=&#8221;Lato|700|||||||&#8221; header_3_text_color=&#8221;#4B00E1&#8243; header_3_font_size=&#8221;36px&#8221; header_3_line_height=&#8221;1.4em&#8221; locked=&#8221;off&#8221; global_colors_info=&#8221;{}&#8221;]<\/p>\n<h3>Adri Aguilar<\/h3>\n<p><span>FUNDADORA DE PROGRAMA ESCALERA \u2013 MIEMBRO DE YLAI ALUMNI BOARD \u2013 GUATEMALA<\/span><\/p>\n<p>[\/et_pb_text][et_pb_text _builder_version=&#8221;4.16&#8243; text_font=&#8221;||||||||&#8221; text_font_size=&#8221;18px&#8221; text_line_height=&#8221;1.8em&#8221; global_colors_info=&#8221;{}&#8221;]<\/p>\n<p>Adriana Aguilar tiene m\u00e1s de 20 a\u00f1os de experiencia en gesti\u00f3n empresarial, programaci\u00f3n y educaci\u00f3n para adolescentes, adultos y personas con necesidades especiales. Fundadora de Yuxtem en 2015.<\/p>\n<p>Becaria en 2018 de la Iniciativa J\u00f3venes L\u00edderes de las Am\u00e9ricas (YLAI). Miembro actual de YLAI Alumni Board y responsable de su Comit\u00e9 de Mentor\u00eda.<\/p>\n<p>Fund\u00f3 Programa Escalera en 2017, un programa enfocado a aumentar los ingresos de las mujeres, especialmente para aquellas vulnerables a la violencia.<\/p>\n<p>M\u00e1s recientemente, particip\u00f3 como conferencista en eventos de emprendimiento, mujeres y tecnolog\u00eda en Guatemala, Paraguay, Ecuador, Colombia, Honduras, Per\u00fa, Texas (USA) y Malasia. En 2020 se convirti\u00f3 en mentora y miembro de la junta asesora de WiseHer.<\/p>\n<p><strong>Desafiando el sesgo de g\u00e9nero en el emprendimiento:<\/strong> Mi\u00e9rcoles 24 de marzo, @ 9:30am MX<\/p>\n<p>[\/et_pb_text][\/et_pb_column][\/et_pb_row][et_pb_row column_structure=&#8221;1_3,2_3&#8243; _builder_version=&#8221;4.16&#8243; custom_margin=&#8221;|||&#8221; custom_padding=&#8221;40px|0px|40px|0px&#8221; global_colors_info=&#8221;{}&#8221;][et_pb_column type=&#8221;1_3&#8243; _builder_version=&#8221;4.16&#8243; custom_padding=&#8221;|||&#8221; global_colors_info=&#8221;{}&#8221; custom_padding__hover=&#8221;|||&#8221;][et_pb_image src=&#8221;https:\/\/programaescalera.org\/iwden\/wp-content\/uploads\/sites\/2\/2021\/03\/KathrynRose.png&#8221; title_text=&#8221;KathrynRose&#8221; align=&#8221;center&#8221; _builder_version=&#8221;4.16&#8243; custom_margin=&#8221;|||&#8221; custom_margin_tablet=&#8221;90px|||&#8221; custom_margin_last_edited=&#8221;off|desktop&#8221; always_center_on_mobile=&#8221;off&#8221; locked=&#8221;off&#8221; global_colors_info=&#8221;{}&#8221;][\/et_pb_image][et_pb_social_media_follow _builder_version=&#8221;4.16&#8243; text_orientation=&#8221;center&#8221; locked=&#8221;off&#8221; global_colors_info=&#8221;{}&#8221;][et_pb_social_media_follow_network social_network=&#8221;linkedin&#8221; url=&#8221;https:\/\/www.linkedin.com\/in\/katkrose\/&#8221; _builder_version=&#8221;4.16&#8243; background_color=&#8221;#181819&#8243; global_colors_info=&#8221;{}&#8221; follow_button=&#8221;off&#8221; url_new_window=&#8221;on&#8221;]linkedin[\/et_pb_social_media_follow_network][\/et_pb_social_media_follow][\/et_pb_column][et_pb_column type=&#8221;2_3&#8243; _builder_version=&#8221;4.16&#8243; custom_padding=&#8221;|||&#8221; global_colors_info=&#8221;{}&#8221; custom_padding__hover=&#8221;|||&#8221;][et_pb_text _builder_version=&#8221;4.16&#8243; text_font=&#8221;||||||||&#8221; text_text_color=&#8221;#7e7f93&#8243; text_font_size=&#8221;18px&#8221; header_font=&#8221;||||||||&#8221; header_3_font=&#8221;Lato|700|||||||&#8221; header_3_text_color=&#8221;#4B00E1&#8243; header_3_font_size=&#8221;36px&#8221; header_3_line_height=&#8221;1.4em&#8221; locked=&#8221;off&#8221; global_colors_info=&#8221;{}&#8221;]<\/p>\n<h3>Kathryn Rose<\/h3>\n<p><span>FUNDADORA DE WISEHER \u2013 USA<\/span><\/p>\n<p>[\/et_pb_text][et_pb_text _builder_version=&#8221;4.16&#8243; text_font=&#8221;||||||||&#8221; text_font_size=&#8221;18px&#8221; text_line_height=&#8221;1.8em&#8221; global_colors_info=&#8221;{}&#8221;]<\/p>\n<p>Kathryn Rose es una innovadora, emprendedora en serie y la directora ejecutiva fundadora de WiseHer, una plataforma de conocimiento global que ayuda a mujeres, due\u00f1os de negocios y profesionales a superar desaf\u00edos \u00fanicos a pedido a trav\u00e9s del acceso 1: 1 a miles de ejecutivos, entrenadores \/ mentores, educaci\u00f3n y recursos. que aceleran el crecimiento empresarial o profesional. Es exl\u00edder de ventas ejecutivas de Wall Street y autora de 9 libros. Ha aparecido en la revista Forbes, Inc., CBS Marketwatch, Fox News y m\u00e1s.<\/p>\n<p>Kathryn es una oradora muy solicitada para los principales eventos de la industria mundial de tecnolog\u00eda: Google, IBM, Dell Technologies y eventos centrados en las mujeres; Women in Tech Summit y Grace Hopper Celebration. Eventos que se centranron en ayudar a profesionales de la tecnolog\u00eda, mujeres y l\u00edderes de peque\u00f1as empresas un mayor nivel de \u00e9xito. Kathryn es profesora de la asociaci\u00f3n l\u00edder de TI COMPTIA y miembro del Executive Council of Advancing Women in Technology y entrenadora de ventas para candidatos a MBA en Harvard Business School.<\/p>\n<p>Kathryn ha creado una excelente red de mujeres en todos los niveles y en muchas industrias para apoyar y promover a las mujeres en sus negocios o carreras<\/p>\n<p><strong>El valor de tu trabajo:<\/strong> Mi\u00e9rcoles 24 de marzo, @ 9:10am MX<\/p>\n<p>[\/et_pb_text][\/et_pb_column][\/et_pb_row][et_pb_row column_structure=&#8221;1_3,2_3&#8243; _builder_version=&#8221;4.16&#8243; custom_margin=&#8221;|||&#8221; custom_padding=&#8221;40px|0px|40px|0px&#8221; global_colors_info=&#8221;{}&#8221;][et_pb_column type=&#8221;1_3&#8243; _builder_version=&#8221;4.16&#8243; custom_padding=&#8221;|||&#8221; global_colors_info=&#8221;{}&#8221; custom_padding__hover=&#8221;|||&#8221;][et_pb_image src=&#8221;https:\/\/programaescalera.org\/iwden\/wp-content\/uploads\/sites\/2\/2021\/03\/JenniferSchell.png&#8221; title_text=&#8221;JenniferSchell&#8221; align=&#8221;center&#8221; _builder_version=&#8221;4.16&#8243; custom_margin=&#8221;|||&#8221; custom_margin_tablet=&#8221;90px|||&#8221; custom_margin_last_edited=&#8221;off|desktop&#8221; always_center_on_mobile=&#8221;off&#8221; locked=&#8221;off&#8221; global_colors_info=&#8221;{}&#8221;][\/et_pb_image][et_pb_social_media_follow _builder_version=&#8221;4.16&#8243; text_orientation=&#8221;center&#8221; locked=&#8221;off&#8221; global_colors_info=&#8221;{}&#8221;][et_pb_social_media_follow_network social_network=&#8221;linkedin&#8221; url=&#8221;https:\/\/www.linkedin.com\/in\/schelljennifer\/&#8221; _builder_version=&#8221;4.16&#8243; background_color=&#8221;#181819&#8243; global_colors_info=&#8221;{}&#8221; follow_button=&#8221;off&#8221; url_new_window=&#8221;on&#8221;]linkedin[\/et_pb_social_media_follow_network][\/et_pb_social_media_follow][\/et_pb_column][et_pb_column type=&#8221;2_3&#8243; _builder_version=&#8221;4.16&#8243; custom_padding=&#8221;|||&#8221; global_colors_info=&#8221;{}&#8221; custom_padding__hover=&#8221;|||&#8221;][et_pb_text _builder_version=&#8221;4.16&#8243; text_font=&#8221;||||||||&#8221; text_text_color=&#8221;#7e7f93&#8243; text_font_size=&#8221;18px&#8221; header_font=&#8221;||||||||&#8221; header_3_font=&#8221;Lato|700|||||||&#8221; header_3_text_color=&#8221;#4B00E1&#8243; header_3_font_size=&#8221;36px&#8221; header_3_line_height=&#8221;1.4em&#8221; locked=&#8221;off&#8221; global_colors_info=&#8221;{}&#8221;]<\/p>\n<h3>Jennifer Schell<\/h3>\n<p><span>PRESIDENTA DE YLAI ALUMNI BOARD \u2013 FUNDADORA DE TRABAJA MAMA \u2013 VENEZUELA<\/span><\/p>\n<p>[\/et_pb_text][et_pb_text _builder_version=&#8221;4.16&#8243; text_font=&#8221;||||||||&#8221; text_font_size=&#8221;18px&#8221; text_line_height=&#8221;1.8em&#8221; global_colors_info=&#8221;{}&#8221;]<\/p>\n<p>Mujer y Madre; Licenciada en Ciencias Pol\u00edticas por la Universidad Ferm\u00edn Toro y especialista en g\u00e9nero y estudios africanos. Jennifer tiene m\u00e1s de 10 a\u00f1os de experiencia laboral nacional (Venezuela) e internacional (Etiop\u00eda, Kenia, India y Estados Unidos), actual presidente de YLAI Alumni Board.<\/p>\n<p><strong>Palabras de bienvenida:<\/strong> Mi\u00e9rcoles 24 de marzo, @ 9:00am MX<\/p>\n<p>[\/et_pb_text][\/et_pb_column][\/et_pb_row][et_pb_row column_structure=&#8221;1_3,2_3&#8243; _builder_version=&#8221;4.16&#8243; custom_margin=&#8221;|||&#8221; custom_padding=&#8221;40px|0px|40px|0px&#8221; global_colors_info=&#8221;{}&#8221;][et_pb_column type=&#8221;1_3&#8243; _builder_version=&#8221;4.16&#8243; custom_padding=&#8221;|||&#8221; global_colors_info=&#8221;{}&#8221; custom_padding__hover=&#8221;|||&#8221;][et_pb_image src=&#8221;https:\/\/programaescalera.org\/iwden\/wp-content\/uploads\/sites\/2\/2021\/03\/ErinWillet.png&#8221; title_text=&#8221;ErinWillet&#8221; align=&#8221;center&#8221; _builder_version=&#8221;4.16&#8243; custom_margin=&#8221;|||&#8221; custom_margin_tablet=&#8221;90px|||&#8221; custom_margin_last_edited=&#8221;off|desktop&#8221; always_center_on_mobile=&#8221;off&#8221; locked=&#8221;off&#8221; global_colors_info=&#8221;{}&#8221;][\/et_pb_image][et_pb_social_media_follow _builder_version=&#8221;4.16&#8243; text_orientation=&#8221;center&#8221; locked=&#8221;off&#8221; global_colors_info=&#8221;{}&#8221;][et_pb_social_media_follow_network social_network=&#8221;linkedin&#8221; url=&#8221;https:\/\/www.linkedin.com\/in\/erin-willett\/&#8221; _builder_version=&#8221;4.16&#8243; background_color=&#8221;#181819&#8243; global_colors_info=&#8221;{}&#8221; follow_button=&#8221;off&#8221; url_new_window=&#8221;on&#8221;]linkedin[\/et_pb_social_media_follow_network][\/et_pb_social_media_follow][\/et_pb_column][et_pb_column type=&#8221;2_3&#8243; _builder_version=&#8221;4.16&#8243; custom_padding=&#8221;|||&#8221; global_colors_info=&#8221;{}&#8221; custom_padding__hover=&#8221;|||&#8221;][et_pb_text _builder_version=&#8221;4.16&#8243; text_font=&#8221;||||||||&#8221; text_text_color=&#8221;#7e7f93&#8243; text_font_size=&#8221;18px&#8221; header_font=&#8221;||||||||&#8221; header_3_font=&#8221;Lato|700|||||||&#8221; header_3_text_color=&#8221;#4B00E1&#8243; header_3_font_size=&#8221;36px&#8221; header_3_line_height=&#8221;1.4em&#8221; locked=&#8221;off&#8221; global_colors_info=&#8221;{}&#8221;]<\/p>\n<h3>Erin Willet<\/h3>\n<p><span>FUNDADORA DE THE TAP IN TEAM \u2013 CANAD\u00c1<\/span><\/p>\n<p>[\/et_pb_text][et_pb_text _builder_version=&#8221;4.16&#8243; text_font=&#8221;||||||||&#8221; text_font_size=&#8221;18px&#8221; text_line_height=&#8221;1.8em&#8221; global_colors_info=&#8221;{}&#8221;]<\/p>\n<p>Erin Willett es estratega de liderazgo y cultura. Fundadora de The Tap In Team con sede en Montreal, Quebec, Canad\u00e1. Erin es hippie, amante de la individualidad y defensora del cambio. Est\u00e1 impulsada por la creencia de que las empresas m\u00e1s estrat\u00e9gicas tienen enfoques conmovedores. Usando su propia metodolog\u00eda de construcci\u00f3n de marca y cultura, ha pasado la \u00faltima d\u00e9cada dando forma a estrategias para una comunicaci\u00f3n aut\u00e9ntica y fuertes conexiones comerciales. Especializada en desarrollo de liderazgo, facilitaci\u00f3n creativa y articulaci\u00f3n de la visi\u00f3n, Erin asesora a empresas en la construcci\u00f3n de culturas magn\u00e9ticas que se inclinan valientemente hacia el cambio.<\/p>\n<p>Erin ha apoyado el desarrollo de liderazgo, marca y cultura en las fases de crecimiento o diferentes tama\u00f1os de empresas\u00a0 emergentes de r\u00e1pido crecimiento como Goalcast, organizaciones como Air Canada y Sun Life y l\u00edderes de comercio electr\u00f3nico como Shopify.<\/p>\n<p><strong>Coraje, amor propio y cambio:<\/strong> Mi\u00e9rcoles 24 de marzo, @ 9:45am MX<\/p>\n<p>[\/et_pb_text][\/et_pb_column][\/et_pb_row][et_pb_row column_structure=&#8221;1_3,2_3&#8243; _builder_version=&#8221;4.16&#8243; custom_margin=&#8221;|||&#8221; custom_padding=&#8221;40px|0px|40px|0px&#8221; global_colors_info=&#8221;{}&#8221;][et_pb_column type=&#8221;1_3&#8243; _builder_version=&#8221;4.16&#8243; custom_padding=&#8221;|||&#8221; global_colors_info=&#8221;{}&#8221; custom_padding__hover=&#8221;|||&#8221;][et_pb_image src=&#8221;https:\/\/programaescalera.org\/iwden\/wp-content\/uploads\/sites\/2\/2021\/03\/MiraVasic.png&#8221; title_text=&#8221;MiraVasic&#8221; align=&#8221;center&#8221; _builder_version=&#8221;4.16&#8243; custom_margin=&#8221;|||&#8221; custom_margin_tablet=&#8221;90px|||&#8221; custom_margin_last_edited=&#8221;off|desktop&#8221; always_center_on_mobile=&#8221;off&#8221; locked=&#8221;off&#8221; global_colors_info=&#8221;{}&#8221;][\/et_pb_image][et_pb_social_media_follow _builder_version=&#8221;4.16&#8243; text_orientation=&#8221;center&#8221; locked=&#8221;off&#8221; global_colors_info=&#8221;{}&#8221;][et_pb_social_media_follow_network social_network=&#8221;linkedin&#8221; url=&#8221;https:\/\/www.linkedin.com\/in\/miravasic\/&#8221; _builder_version=&#8221;4.16&#8243; background_color=&#8221;#181819&#8243; global_colors_info=&#8221;{}&#8221; follow_button=&#8221;off&#8221; url_new_window=&#8221;on&#8221;]linkedin[\/et_pb_social_media_follow_network][\/et_pb_social_media_follow][\/et_pb_column][et_pb_column type=&#8221;2_3&#8243; _builder_version=&#8221;4.16&#8243; custom_padding=&#8221;|||&#8221; global_colors_info=&#8221;{}&#8221; custom_padding__hover=&#8221;|||&#8221;][et_pb_text _builder_version=&#8221;4.16&#8243; text_font=&#8221;||||||||&#8221; text_text_color=&#8221;#7e7f93&#8243; text_font_size=&#8221;18px&#8221; header_font=&#8221;||||||||&#8221; header_3_font=&#8221;Lato|700|||||||&#8221; header_3_text_color=&#8221;#4B00E1&#8243; header_3_font_size=&#8221;36px&#8221; header_3_line_height=&#8221;1.4em&#8221; locked=&#8221;off&#8221; global_colors_info=&#8221;{}&#8221;]<\/p>\n<h3>Mira Vasic<\/h3>\n<p><span>SOCIA Y CO-PROPIETARIA DE IN TOUCH \u2013 PA\u00cdSES BAJOS<\/span><\/p>\n<p>[\/et_pb_text][et_pb_text _builder_version=&#8221;4.16&#8243; text_font=&#8221;||||||||&#8221; text_font_size=&#8221;18px&#8221; text_line_height=&#8221;1.8em&#8221; global_colors_info=&#8221;{}&#8221;]<\/p>\n<p><span>Dr. ing. Mira Vasic es socia y copropietaria de \u201cIn Touch Female Leadership &amp; Career Academy\u201d y profesora en los programas de MBA de la Escuela de Negocios del Polit\u00e9cnico de Milano. Es experta en temas de liderazgo femenino y diversidad de g\u00e9nero, as\u00ed como asesora de carrera para personas de pa\u00edses de todo el mundo. En los \u00faltimos diez a\u00f1os, ha trabajado como investigadora y consultora para los sectores comercial y gubernamental en Serbia, Espa\u00f1a, Grecia, Italia y los Pa\u00edses Bajos. Mira tiene una tremenda pasi\u00f3n por el desarrollo del liderazgo y el empoderamiento de las mujeres. Tambi\u00e9n tiene un doctorado en Ingenier\u00eda Estructural del Polit\u00e9cnico de Milano (2015) y habla 4 idiomas con fluidez. Mira es una oradora internacional muy solicitada. Su valor es su enfoque entusiasta y su gran sentido del humor.<\/span><\/p>\n<p><strong>Las reglas no escritas:<\/strong> Mi\u00e9rcoles 24 de marzo, @ 10:05am MX<\/p>\n<p>[\/et_pb_text][\/et_pb_column][\/et_pb_row][et_pb_row column_structure=&#8221;1_3,2_3&#8243; _builder_version=&#8221;4.16&#8243; custom_margin=&#8221;|||&#8221; custom_padding=&#8221;40px|0px|40px|0px&#8221; global_colors_info=&#8221;{}&#8221;][et_pb_column type=&#8221;1_3&#8243; _builder_version=&#8221;4.16&#8243; custom_padding=&#8221;|||&#8221; global_colors_info=&#8221;{}&#8221; custom_padding__hover=&#8221;|||&#8221;][et_pb_image src=&#8221;https:\/\/programaescalera.org\/iwden\/wp-content\/uploads\/sites\/2\/2021\/03\/RicardoNavarro.png&#8221; title_text=&#8221;RicardoNavarro&#8221; align=&#8221;center&#8221; _builder_version=&#8221;4.16&#8243; custom_margin=&#8221;|||&#8221; custom_margin_tablet=&#8221;90px|||&#8221; custom_margin_last_edited=&#8221;off|desktop&#8221; always_center_on_mobile=&#8221;off&#8221; locked=&#8221;off&#8221; global_colors_info=&#8221;{}&#8221;][\/et_pb_image][et_pb_social_media_follow _builder_version=&#8221;4.16&#8243; text_orientation=&#8221;center&#8221; locked=&#8221;off&#8221; global_colors_info=&#8221;{}&#8221;][et_pb_social_media_follow_network social_network=&#8221;linkedin&#8221; url=&#8221;https:\/\/www.linkedin.com\/in\/rvalencian\/&#8221; _builder_version=&#8221;4.16&#8243; background_color=&#8221;#181819&#8243; global_colors_info=&#8221;{}&#8221; follow_button=&#8221;off&#8221; url_new_window=&#8221;on&#8221;]linkedin[\/et_pb_social_media_follow_network][\/et_pb_social_media_follow][\/et_pb_column][et_pb_column type=&#8221;2_3&#8243; _builder_version=&#8221;4.16&#8243; custom_padding=&#8221;|||&#8221; global_colors_info=&#8221;{}&#8221; custom_padding__hover=&#8221;|||&#8221;][et_pb_text _builder_version=&#8221;4.16&#8243; text_font=&#8221;||||||||&#8221; text_text_color=&#8221;#7e7f93&#8243; text_font_size=&#8221;18px&#8221; header_font=&#8221;||||||||&#8221; header_3_font=&#8221;Lato|700|||||||&#8221; header_3_text_color=&#8221;#4B00E1&#8243; header_3_font_size=&#8221;36px&#8221; header_3_line_height=&#8221;1.4em&#8221; locked=&#8221;off&#8221; global_colors_info=&#8221;{}&#8221;]<\/p>\n<h3>Ricardo Valencia<\/h3>\n<p><span>SOCIO FUNDADOR DE ADDEREXMX \u2013 YLAI FELLOW 2018<\/span><\/p>\n<p>[\/et_pb_text][et_pb_text _builder_version=&#8221;4.16&#8243; text_font=&#8221;||||||||&#8221; text_font_size=&#8221;18px&#8221; text_line_height=&#8221;1.8em&#8221; global_colors_info=&#8221;{}&#8221;]<\/p>\n<p><strong>Redes, juntas hacemos m\u00e1s:<\/strong> Mi\u00e9rcoles 24 de marzo, @ 10:25am MX<\/p>\n<p>[\/et_pb_text][\/et_pb_column][\/et_pb_row][et_pb_row column_structure=&#8221;1_3,2_3&#8243; _builder_version=&#8221;4.16&#8243; custom_margin=&#8221;|||&#8221; custom_padding=&#8221;40px|0px|40px|0px&#8221; global_colors_info=&#8221;{}&#8221;][et_pb_column type=&#8221;1_3&#8243; _builder_version=&#8221;4.16&#8243; custom_padding=&#8221;|||&#8221; global_colors_info=&#8221;{}&#8221; custom_padding__hover=&#8221;|||&#8221;][et_pb_image src=&#8221;https:\/\/programaescalera.org\/iwden\/wp-content\/uploads\/sites\/2\/2021\/03\/AbbigaleLoncke.png&#8221; title_text=&#8221;AbbigaleLoncke&#8221; align=&#8221;center&#8221; _builder_version=&#8221;4.16&#8243; custom_margin=&#8221;|||&#8221; custom_margin_tablet=&#8221;90px|||&#8221; custom_margin_last_edited=&#8221;off|desktop&#8221; always_center_on_mobile=&#8221;off&#8221; locked=&#8221;off&#8221; global_colors_info=&#8221;{}&#8221;][\/et_pb_image][et_pb_social_media_follow _builder_version=&#8221;4.16&#8243; text_orientation=&#8221;center&#8221; locked=&#8221;off&#8221; global_colors_info=&#8221;{}&#8221;][et_pb_social_media_follow_network social_network=&#8221;linkedin&#8221; url=&#8221;https:\/\/www.linkedin.com\/in\/abbigale-a-loncke-9bb51831\/&#8221; _builder_version=&#8221;4.16&#8243; background_color=&#8221;#181819&#8243; global_colors_info=&#8221;{}&#8221; follow_button=&#8221;off&#8221; url_new_window=&#8221;on&#8221;]linkedin[\/et_pb_social_media_follow_network][\/et_pb_social_media_follow][\/et_pb_column][et_pb_column type=&#8221;2_3&#8243; _builder_version=&#8221;4.16&#8243; custom_padding=&#8221;|||&#8221; global_colors_info=&#8221;{}&#8221; custom_padding__hover=&#8221;|||&#8221;][et_pb_text _builder_version=&#8221;4.16&#8243; text_font=&#8221;||||||||&#8221; text_text_color=&#8221;#7e7f93&#8243; text_font_size=&#8221;18px&#8221; header_font=&#8221;||||||||&#8221; header_3_font=&#8221;Lato|700|||||||&#8221; header_3_text_color=&#8221;#4B00E1&#8243; header_3_font_size=&#8221;36px&#8221; header_3_line_height=&#8221;1.4em&#8221; locked=&#8221;off&#8221; global_colors_info=&#8221;{}&#8221;]<\/p>\n<h3>Abbigale Loncke<\/h3>\n<p>FUNDADORA Y CEO DE THE LONCKE GROUP\u00a0 &#8211; MIEMBRO DE YLAI ALUMNI BOARD<\/p>\n<p>[\/et_pb_text][et_pb_text _builder_version=&#8221;4.16&#8243; text_font=&#8221;||||||||&#8221; text_font_size=&#8221;18px&#8221; text_line_height=&#8221;1.8em&#8221; global_colors_info=&#8221;{}&#8221;]<\/p>\n<p>Con sede en Georgetown, Guyana, Abbigale es una l\u00edder empresarial ampliamente conocida y celebrada en el pa\u00eds. Es la fundadora y directora ejecutiva de Loncke Group, un consorcio que consta de tres empresas. Su empresa de m\u00e1s r\u00e1pido crecimiento es MBW Energy Support Services, una asesor\u00eda integral de servicios de petr\u00f3leo y gas que asesora a empresas que ingresan al mercado energ\u00e9tico de Guyana. En 2017, lanz\u00f3 WeLead Caribbean, una organizaci\u00f3n sin fines de lucro dedicada al avance econ\u00f3mico y social de las mujeres guyanesas. A trav\u00e9s de su asociaci\u00f3n con ExxonMobil, Nico Consulting Group y la Embajada de EE. UU. En Georgetown, WeLead ha capacitado a m\u00e1s de 300 mujeres guyanesas y ha organizado cinco conferencias regionales de mujeres emprendedoras y empoderamiento.<\/p>\n<p>En 2016, Abbigale fue reconocida por el presidente de los Estados Unidos en ese entonces, Barack Obama, por su liderazgo ejemplar en la comunidad empresarial de Guyana y por brindar oportunidades de empleo a madres solteras y mujeres j\u00f3venes. Es miembro de la Junta Directiva de Mujeres en Petr\u00f3leo y Gas de Guyana y de la Iniciativa J\u00f3venes L\u00edderes de las Am\u00e9ricas. Tambi\u00e9n es Miembro Ejecutivo de la C\u00e1mara de Comercio e Industria de Esequibo en Guyana.<\/p>\n<p>Abbigale viaja constantemente por Am\u00e9rica del Norte y Europa, promoviendo el emprendimiento y el crecimiento econ\u00f3mico en el Caribe y Am\u00e9rica del Sur. Tiene t\u00edtulos de la London School of International Business y Open University.<\/p>\n<p><strong>Palabras de cierre:<\/strong> Mi\u00e9rcoles 24 de marzo, @ 10:45am MX<\/p>\n<p>[\/et_pb_text][\/et_pb_column][\/et_pb_row][et_pb_row _builder_version=&#8221;4.16&#8243; custom_margin=&#8221;|||&#8221; custom_padding=&#8221;|||&#8221; global_colors_info=&#8221;{}&#8221;][et_pb_column type=&#8221;4_4&#8243; _builder_version=&#8221;4.16&#8243; custom_padding=&#8221;|||&#8221; global_colors_info=&#8221;{}&#8221; custom_padding__hover=&#8221;|||&#8221;][et_pb_text module_id=&#8221;panel&#8221; _builder_version=&#8221;4.16&#8243; text_font=&#8221;||||||||&#8221; header_font=&#8221;||||||||&#8221; header_2_font=&#8221;Lato|700|||||||&#8221; header_2_text_align=&#8221;center&#8221; header_2_text_color=&#8221;#4B00E1&#8243; header_2_font_size=&#8221;40px&#8221; header_2_line_height=&#8221;1.3em&#8221; max_width=&#8221;700px&#8221; module_alignment=&#8221;center&#8221; custom_margin=&#8221;||2px|||&#8221; global_colors_info=&#8221;{}&#8221;]<\/p>\n<h2>Panel: Emprendimientos de mujeres en Latinoam\u00e9rica y el Caribe<\/h2>\n<p>[\/et_pb_text][et_pb_divider color=&#8221;#3DFFED&#8221; divider_position=&#8221;center&#8221; divider_weight=&#8221;4px&#8221; _builder_version=&#8221;4.16&#8243; _module_preset=&#8221;default&#8221; max_width=&#8221;90px&#8221; module_alignment=&#8221;center&#8221; global_colors_info=&#8221;{}&#8221;][\/et_pb_divider][\/et_pb_column][\/et_pb_row][et_pb_row column_structure=&#8221;1_3,2_3&#8243; _builder_version=&#8221;4.16&#8243; custom_margin=&#8221;|||&#8221; custom_padding=&#8221;40px|0px|40px|0px&#8221; global_colors_info=&#8221;{}&#8221;][et_pb_column type=&#8221;1_3&#8243; _builder_version=&#8221;4.16&#8243; custom_padding=&#8221;|||&#8221; global_colors_info=&#8221;{}&#8221; custom_padding__hover=&#8221;|||&#8221;][et_pb_image src=&#8221;https:\/\/programaescalera.org\/iwden\/wp-content\/uploads\/sites\/2\/2021\/03\/OdileCortes.png&#8221; title_text=&#8221;OdileCortes&#8221; align=&#8221;center&#8221; _builder_version=&#8221;4.16&#8243; custom_margin=&#8221;|||&#8221; custom_margin_tablet=&#8221;90px|||&#8221; custom_margin_last_edited=&#8221;off|desktop&#8221; always_center_on_mobile=&#8221;off&#8221; locked=&#8221;off&#8221; global_colors_info=&#8221;{}&#8221;][\/et_pb_image][et_pb_social_media_follow _builder_version=&#8221;4.16&#8243; text_orientation=&#8221;center&#8221; locked=&#8221;off&#8221; global_colors_info=&#8221;{}&#8221;][et_pb_social_media_follow_network social_network=&#8221;linkedin&#8221; url=&#8221;https:\/\/www.linkedin.com\/in\/odile-cortes\/&#8221; _builder_version=&#8221;4.16&#8243; background_color=&#8221;#181819&#8243; global_colors_info=&#8221;{}&#8221; follow_button=&#8221;off&#8221; url_new_window=&#8221;on&#8221;]linkedin[\/et_pb_social_media_follow_network][\/et_pb_social_media_follow][\/et_pb_column][et_pb_column type=&#8221;2_3&#8243; _builder_version=&#8221;4.16&#8243; custom_padding=&#8221;|||&#8221; global_colors_info=&#8221;{}&#8221; custom_padding__hover=&#8221;|||&#8221;][et_pb_text _builder_version=&#8221;4.16&#8243; text_font=&#8221;||||||||&#8221; text_text_color=&#8221;#7e7f93&#8243; text_font_size=&#8221;18px&#8221; header_font=&#8221;||||||||&#8221; header_3_font=&#8221;Lato|700|||||||&#8221; header_3_text_color=&#8221;#4B00E1&#8243; header_3_font_size=&#8221;36px&#8221; header_3_line_height=&#8221;1.4em&#8221; locked=&#8221;off&#8221; global_colors_info=&#8221;{}&#8221;]<\/p>\n<h3>Odile Cortes<\/h3>\n<p>FOUNDER OF INTEGRARSE &#8211; YLAI FELLOW 2018 &#8211; MEXICO<\/p>\n<p>[\/et_pb_text][et_pb_text _builder_version=&#8221;4.16&#8243; text_font=&#8221;||||||||&#8221; text_font_size=&#8221;18px&#8221; text_line_height=&#8221;1.8em&#8221; global_colors_info=&#8221;{}&#8221;]<\/p>\n<p>Alicia Odile Cort\u00e9s Abascal es directora de operaciones en IntegraRSE, consultor\u00eda en responsabilidad social y consultora acreditada del Cemefi. Es polit\u00f3loga internacionalista por el CIDE (Centro de Investigaci\u00f3n y Docencia Econ\u00f3micas) con un posgrado en responsabilidad social.<\/p>\n<p>Su prop\u00f3sito es crear relaciones que generen impacto positivo: conectar a quien tiene con quien necesita, a quien sabe con quien quiere aprender y a quien puede con el que no puede para generar relaciones ganar-ganar. Est\u00e1 convencida que el desarrollo social se har\u00e1 desde entes privados y por eso se compromete a apoyar a que las empresas tradicionales se conviertan en empresas sociales a trav\u00e9s de la responsabilidad social.<\/p>\n<p>Es Mentora del ClimateReality Project en M\u00e9xico, del Pacto Mundial en el programa de J\u00f3venes Innovadores y Fellow del Young Leaders of AmericaInitiative del Departamento de Estado de Estados Unidos. Tiene experiencia en el desarrollo de proyectos productivos y generaci\u00f3n de estrategias corporativas sustentables. Cre\u00f3 Dando y Dando en 2019, proyecto en el que vende productos con causa para ayudar a asociaciones civiles con sus ganancias.<\/p>\n<p>Constantemente colabora en medios como Newsweek en Espa\u00f1ol, CNN M\u00e9xico,Forbes y Animal Pol\u00edtico con columnas de opini\u00f3n alrededor de temas sustentables y sociales.Cree en un futuro sostenible y por eso es profesora de responsabilidad e innovaci\u00f3n social en el Tecnol\u00f3gico de Monterrey.<\/p>\n<p><strong>Moderadora del panel:<\/strong> Mi\u00e9rcoles 24 de marzo, @ 11:00am MX<\/p>\n<p>[\/et_pb_text][\/et_pb_column][\/et_pb_row][et_pb_row column_structure=&#8221;1_3,2_3&#8243; _builder_version=&#8221;4.16&#8243; custom_margin=&#8221;|||&#8221; custom_padding=&#8221;40px|0px|40px|0px&#8221; global_colors_info=&#8221;{}&#8221;][et_pb_column type=&#8221;1_3&#8243; _builder_version=&#8221;4.16&#8243; custom_padding=&#8221;|||&#8221; global_colors_info=&#8221;{}&#8221; custom_padding__hover=&#8221;|||&#8221;][et_pb_image src=&#8221;https:\/\/programaescalera.org\/iwden\/wp-content\/uploads\/sites\/2\/2021\/03\/AndreaMazariegos.png&#8221; title_text=&#8221;AndreaMazariegos&#8221; align=&#8221;center&#8221; _builder_version=&#8221;4.16&#8243; custom_margin=&#8221;|||&#8221; custom_margin_tablet=&#8221;90px|||&#8221; custom_margin_last_edited=&#8221;off|desktop&#8221; always_center_on_mobile=&#8221;off&#8221; locked=&#8221;off&#8221; global_colors_info=&#8221;{}&#8221;][\/et_pb_image][et_pb_social_media_follow _builder_version=&#8221;4.16&#8243; text_orientation=&#8221;center&#8221; locked=&#8221;off&#8221; global_colors_info=&#8221;{}&#8221;][et_pb_social_media_follow_network social_network=&#8221;linkedin&#8221; url=&#8221;https:\/\/www.linkedin.com\/in\/andrea-mazariegos-145081ab\/&#8221; _builder_version=&#8221;4.16&#8243; background_color=&#8221;#181819&#8243; global_colors_info=&#8221;{}&#8221; follow_button=&#8221;off&#8221; url_new_window=&#8221;on&#8221;]linkedin[\/et_pb_social_media_follow_network][\/et_pb_social_media_follow][\/et_pb_column][et_pb_column type=&#8221;2_3&#8243; _builder_version=&#8221;4.16&#8243; custom_padding=&#8221;|||&#8221; global_colors_info=&#8221;{}&#8221; custom_padding__hover=&#8221;|||&#8221;][et_pb_text _builder_version=&#8221;4.16&#8243; text_font=&#8221;||||||||&#8221; text_text_color=&#8221;#7e7f93&#8243; text_font_size=&#8221;18px&#8221; header_font=&#8221;||||||||&#8221; header_3_font=&#8221;Lato|700|||||||&#8221; header_3_text_color=&#8221;#4B00E1&#8243; header_3_font_size=&#8221;36px&#8221; header_3_line_height=&#8221;1.4em&#8221; locked=&#8221;off&#8221; global_colors_info=&#8221;{}&#8221;]<\/p>\n<h3>Andrea Mazariegos<\/h3>\n<p><span>FACILITADORA DE ECOSISTEMA EN SWISSCONTACT &amp; START UP GUATEMALA &#8211; GUATEMALA<\/span><\/p>\n<p>[\/et_pb_text][et_pb_text _builder_version=&#8221;4.16&#8243; text_font=&#8221;||||||||&#8221; text_font_size=&#8221;18px&#8221; text_line_height=&#8221;1.8em&#8221; custom_padding=&#8221;||0px|0px||&#8221; global_colors_info=&#8221;{}&#8221;]<\/p>\n<p>Ingeniera de profesi\u00f3n y emprendedora por pasi\u00f3n, Andrea ha fundado y dirigido startups y trabajado en el mundo empresarial. Certificada en Liderazgo en Nuevos Negocios por el MIT, actualmente lidera el proyecto Action Research para Swisscontact, co-creando herramientas e intervenciones para mejorar el ecosistema emprendedor local en Guatemala.<\/p>\n<p><strong>Panelista invitada<\/strong><\/p>\n<p>[\/et_pb_text][\/et_pb_column][\/et_pb_row][et_pb_row column_structure=&#8221;1_3,2_3&#8243; _builder_version=&#8221;4.16&#8243; custom_margin=&#8221;|||&#8221; custom_padding=&#8221;40px|0px|40px|0px&#8221; global_colors_info=&#8221;{}&#8221;][et_pb_column type=&#8221;1_3&#8243; _builder_version=&#8221;4.16&#8243; custom_padding=&#8221;|||&#8221; global_colors_info=&#8221;{}&#8221; custom_padding__hover=&#8221;|||&#8221;][et_pb_image src=&#8221;https:\/\/programaescalera.org\/iwden\/wp-content\/uploads\/sites\/2\/2021\/03\/CecileNey.png&#8221; title_text=&#8221;CecileNey&#8221; align=&#8221;center&#8221; _builder_version=&#8221;4.16&#8243; custom_margin=&#8221;|||&#8221; custom_margin_tablet=&#8221;90px|||&#8221; custom_margin_last_edited=&#8221;off|desktop&#8221; always_center_on_mobile=&#8221;off&#8221; locked=&#8221;off&#8221; global_colors_info=&#8221;{}&#8221;][\/et_pb_image][et_pb_social_media_follow _builder_version=&#8221;4.16&#8243; text_orientation=&#8221;center&#8221; locked=&#8221;off&#8221; global_colors_info=&#8221;{}&#8221;][et_pb_social_media_follow_network social_network=&#8221;linkedin&#8221; url=&#8221;https:\/\/www.linkedin.com\/in\/cecile-ney\/&#8221; _builder_version=&#8221;4.16&#8243; background_color=&#8221;#181819&#8243; global_colors_info=&#8221;{}&#8221; follow_button=&#8221;off&#8221; url_new_window=&#8221;on&#8221;]linkedin[\/et_pb_social_media_follow_network][\/et_pb_social_media_follow][\/et_pb_column][et_pb_column type=&#8221;2_3&#8243; _builder_version=&#8221;4.16&#8243; custom_padding=&#8221;|||&#8221; global_colors_info=&#8221;{}&#8221; custom_padding__hover=&#8221;|||&#8221;][et_pb_text _builder_version=&#8221;4.16&#8243; text_font=&#8221;||||||||&#8221; text_text_color=&#8221;#7e7f93&#8243; text_font_size=&#8221;18px&#8221; header_font=&#8221;||||||||&#8221; header_3_font=&#8221;Lato|700|||||||&#8221; header_3_text_color=&#8221;#4B00E1&#8243; header_3_font_size=&#8221;36px&#8221; header_3_line_height=&#8221;1.4em&#8221; locked=&#8221;off&#8221; global_colors_info=&#8221;{}&#8221;]<\/p>\n<h3>Cecile Ney<\/h3>\n<p>GERENTE DE IMPACTO Y CONOCIMENTO EN AGORA PARTNERSHIPS<\/p>\n<p>[\/et_pb_text][et_pb_text _builder_version=&#8221;4.16&#8243; text_font=&#8221;||||||||&#8221; text_font_size=&#8221;18px&#8221; text_line_height=&#8221;1.8em&#8221; global_colors_info=&#8221;{}&#8221;]<\/p>\n<div dir=\"ltr\">\n<p>Cecile cuenta con +10 a\u00f1os de experiencia en el ecosistema del emprendimiento social en Europa y Latinoam\u00e9rica, enfoc\u00e1ndose en procesos de aceleraci\u00f3n y de estrategia de impacto. Le apasiona promover y apoyar a las personas que marcan la diferencia en el mundo. Es actualmente Gerente de Impacto &amp; Conocimientos en Agora Partnerships.<\/p>\n<p>Forma parte de Global Shapers y fue Curadora del Hub de Managua\u00a0(Nicaragua)\u00a0en 2019. Cecile es tambi\u00e9n Multiplicadora B de la red de Sistema B y Docente de Emprendimiento Social de la Universidad Thomas More en Managua.<\/p>\n<p><strong>Panelista invitada<\/strong><\/p>\n<\/div>\n<p>&nbsp;<\/p>\n<p>[\/et_pb_text][\/et_pb_column][\/et_pb_row][et_pb_row column_structure=&#8221;1_3,2_3&#8243; _builder_version=&#8221;4.16&#8243; custom_margin=&#8221;|||&#8221; custom_padding=&#8221;40px|0px|40px|0px&#8221; global_colors_info=&#8221;{}&#8221;][et_pb_column type=&#8221;1_3&#8243; _builder_version=&#8221;4.16&#8243; custom_padding=&#8221;|||&#8221; global_colors_info=&#8221;{}&#8221; custom_padding__hover=&#8221;|||&#8221;][et_pb_image src=&#8221;https:\/\/programaescalera.org\/iwden\/wp-content\/uploads\/sites\/2\/2021\/03\/TamaraIsch.png&#8221; title_text=&#8221;TamaraIsch&#8221; align=&#8221;center&#8221; _builder_version=&#8221;4.16&#8243; custom_margin=&#8221;|||&#8221; custom_margin_tablet=&#8221;90px|||&#8221; custom_margin_last_edited=&#8221;off|desktop&#8221; always_center_on_mobile=&#8221;off&#8221; locked=&#8221;off&#8221; global_colors_info=&#8221;{}&#8221;][\/et_pb_image][et_pb_social_media_follow _builder_version=&#8221;4.16&#8243; text_orientation=&#8221;center&#8221; locked=&#8221;off&#8221; global_colors_info=&#8221;{}&#8221;][et_pb_social_media_follow_network social_network=&#8221;linkedin&#8221; url=&#8221;https:\/\/www.linkedin.com\/in\/tamaraisch\/&#8221; _builder_version=&#8221;4.16&#8243; background_color=&#8221;#181819&#8243; global_colors_info=&#8221;{}&#8221; follow_button=&#8221;off&#8221; url_new_window=&#8221;on&#8221;]linkedin[\/et_pb_social_media_follow_network][\/et_pb_social_media_follow][\/et_pb_column][et_pb_column type=&#8221;2_3&#8243; _builder_version=&#8221;4.16&#8243; custom_padding=&#8221;|||&#8221; global_colors_info=&#8221;{}&#8221; custom_padding__hover=&#8221;|||&#8221;][et_pb_text _builder_version=&#8221;4.16&#8243; text_font=&#8221;||||||||&#8221; text_text_color=&#8221;#7e7f93&#8243; text_font_size=&#8221;18px&#8221; header_font=&#8221;||||||||&#8221; header_3_font=&#8221;Lato|700|||||||&#8221; header_3_text_color=&#8221;#4B00E1&#8243; header_3_font_size=&#8221;36px&#8221; header_3_line_height=&#8221;1.4em&#8221; locked=&#8221;off&#8221; global_colors_info=&#8221;{}&#8221;]<\/p>\n<h3>Tamara Isch<\/h3>\n<p><span>YLAI FELLOW 2018 -EMPRENDEDORA EN TECNOLOG\u00cdA &#8211; ECUADOR<\/span><\/p>\n<p>[\/et_pb_text][et_pb_text _builder_version=&#8221;4.16&#8243; text_font=&#8221;||||||||&#8221; text_font_size=&#8221;18px&#8221; text_line_height=&#8221;1.8em&#8221; global_colors_info=&#8221;{}&#8221;]<\/p>\n<p>Tamara es cofundadora y gerente de operaciones de ecx-labs, un laboratorio de innovaci\u00f3n ecuatoriano. Ecx-labs se enfoca en el desarrollo de tecnolog\u00edas avanzadas de costo efectivo, incluyendo sensores, sistemas industriales y sistemas educativos. Es Ingeniera Qu\u00edmica de la Escuela Polit\u00e9cnica Nacional, y posee m\u00e1s de siete a\u00f1os de experiencia con organizaciones por y con los derechos de los ni\u00f1os, ni\u00f1as y adolescentes, que se expresa en gran parte en algunos proyectos de ecx-labs que buscan resolver problem\u00e1ticas actuales de ni\u00f1os, ni\u00f1as y adolescentes en Ecuador.<\/p>\n<p><strong>Panelista invitada<\/strong><\/p>\n<p>[\/et_pb_text][\/et_pb_column][\/et_pb_row][et_pb_row column_structure=&#8221;1_3,2_3&#8243; _builder_version=&#8221;4.16&#8243; custom_margin=&#8221;|||&#8221; custom_padding=&#8221;40px|0px|40px|0px&#8221; global_colors_info=&#8221;{}&#8221;][et_pb_column type=&#8221;1_3&#8243; _builder_version=&#8221;4.16&#8243; custom_padding=&#8221;|||&#8221; global_colors_info=&#8221;{}&#8221; custom_padding__hover=&#8221;|||&#8221;][et_pb_image src=&#8221;https:\/\/programaescalera.org\/iwden\/wp-content\/uploads\/sites\/2\/2021\/03\/DanielaAncira.png&#8221; title_text=&#8221;DanielaAncira&#8221; align=&#8221;center&#8221; _builder_version=&#8221;4.16&#8243; custom_margin=&#8221;|||&#8221; custom_margin_tablet=&#8221;90px|||&#8221; custom_margin_last_edited=&#8221;off|desktop&#8221; always_center_on_mobile=&#8221;off&#8221; locked=&#8221;off&#8221; global_colors_info=&#8221;{}&#8221;][\/et_pb_image][et_pb_social_media_follow _builder_version=&#8221;4.16&#8243; text_orientation=&#8221;center&#8221; locked=&#8221;off&#8221; global_colors_info=&#8221;{}&#8221;][et_pb_social_media_follow_network social_network=&#8221;linkedin&#8221; url=&#8221;https:\/\/www.linkedin.com\/in\/daniela-ancira-413770127\/&#8221; _builder_version=&#8221;4.16&#8243; background_color=&#8221;#181819&#8243; global_colors_info=&#8221;{}&#8221; follow_button=&#8221;off&#8221; url_new_window=&#8221;on&#8221;]linkedin[\/et_pb_social_media_follow_network][\/et_pb_social_media_follow][\/et_pb_column][et_pb_column type=&#8221;2_3&#8243; _builder_version=&#8221;4.16&#8243; custom_padding=&#8221;|||&#8221; global_colors_info=&#8221;{}&#8221; custom_padding__hover=&#8221;|||&#8221;][et_pb_text _builder_version=&#8221;4.16&#8243; text_font=&#8221;||||||||&#8221; text_text_color=&#8221;#7e7f93&#8243; text_font_size=&#8221;18px&#8221; header_font=&#8221;||||||||&#8221; header_3_font=&#8221;Lato|700|||||||&#8221; header_3_text_color=&#8221;#4B00E1&#8243; header_3_font_size=&#8221;36px&#8221; header_3_line_height=&#8221;1.4em&#8221; locked=&#8221;off&#8221; global_colors_info=&#8221;{}&#8221;]<\/p>\n<h3>Daniela Ancira<\/h3>\n<p><span>EMPRENDEDORA SOCIAL &#8211; M\u00c9XICO<\/span><\/p>\n<p>[\/et_pb_text][et_pb_text _builder_version=&#8221;4.16&#8243; text_font=&#8221;||||||||&#8221; text_font_size=&#8221;18px&#8221; text_line_height=&#8221;1.8em&#8221; global_colors_info=&#8221;{}&#8221;]<\/p>\n<p>Daniela es licenciada en Derecho por la Universidad An\u00e1huac M\u00e9xico Norte y Maestra en Derechos Humanos y Democracia por la Facultad Latinoamericana de Ciencias Sociales (\u201cFLACSO \u2013 M\u00e9xico\u201d). Es cofundadora y Directora General de La Cana, empresa social dedicada a capacitar y brindar empleo a mujeres en prisi\u00f3n as\u00ed como a crear programas de reinserci\u00f3n social dentro de prisi\u00f3n, por medio de la implementaci\u00f3n de talleres y actividades tendientes al desarrollo integral de la persona, con el fin de contribuir a reducir los \u00edndices de reincidencia y delincuencia en M\u00e9xico.<\/p>\n<p>En el \u00e1mbito profesional, se ha desempe\u00f1ado como litigante en materia de Derechos Humanos y protecci\u00f3n a v\u00edctimas a nivel nacional e internacional, y colaborado con diversas organizaciones en el litigio de casos de violaciones a Derechos Humanos ante el Comit\u00e9 Contra la Tortura de Naciones Unidas y la Comisi\u00f3n Interamericana de Derechos Humanos. Ha trabajado en reconocidas firmas sobre temas de Derecho Civil y Mercantil, Corporativo y Propiedad Intelectual. Es Fellow de organizaciones internacionales como Ashoka, Vital Voices, WomenLeadersfortheWorld, Global GoodFund, y FutureLeadersConnect del Consejo Brit\u00e1nico, y en 2018 fue nombrada Ciudadano del A\u00f1o.<\/p>\n<p><strong>Panelista invitada<\/strong><\/p>\n<p>[\/et_pb_text][\/et_pb_column][\/et_pb_row][et_pb_row column_structure=&#8221;1_3,2_3&#8243; _builder_version=&#8221;4.16&#8243; custom_margin=&#8221;|||&#8221; custom_padding=&#8221;40px|0px|40px|0px&#8221; global_colors_info=&#8221;{}&#8221;][et_pb_column type=&#8221;1_3&#8243; _builder_version=&#8221;4.16&#8243; custom_padding=&#8221;|||&#8221; global_colors_info=&#8221;{}&#8221; custom_padding__hover=&#8221;|||&#8221;][et_pb_image src=&#8221;https:\/\/programaescalera.org\/iwden\/wp-content\/uploads\/sites\/2\/2021\/03\/JacquelineSalas.png&#8221; title_text=&#8221;JacquelineSalas&#8221; align=&#8221;center&#8221; _builder_version=&#8221;4.16&#8243; custom_margin=&#8221;|||&#8221; custom_margin_tablet=&#8221;90px|||&#8221; custom_margin_last_edited=&#8221;off|desktop&#8221; always_center_on_mobile=&#8221;off&#8221; locked=&#8221;off&#8221; global_colors_info=&#8221;{}&#8221;][\/et_pb_image][et_pb_social_media_follow _builder_version=&#8221;4.16&#8243; text_orientation=&#8221;center&#8221; locked=&#8221;off&#8221; global_colors_info=&#8221;{}&#8221;][et_pb_social_media_follow_network social_network=&#8221;facebook&#8221; url=&#8221;https:\/\/www.facebook.com\/amacuidadonatural\/&#8221; _builder_version=&#8221;4.16&#8243; background_color=&#8221;#181819&#8243; global_colors_info=&#8221;{}&#8221; follow_button=&#8221;off&#8221; url_new_window=&#8221;on&#8221;]facebook[\/et_pb_social_media_follow_network][et_pb_social_media_follow_network social_network=&#8221;instagram&#8221; url=&#8221;https:\/\/www.instagram.com\/ama.cuidadonatural?r=nametag&#8221; _builder_version=&#8221;4.16&#8243; _module_preset=&#8221;default&#8221; background_color=&#8221;#ea2c59&#8243; global_colors_info=&#8221;{}&#8221; follow_button=&#8221;off&#8221; url_new_window=&#8221;on&#8221;]instagram[\/et_pb_social_media_follow_network][\/et_pb_social_media_follow][\/et_pb_column][et_pb_column type=&#8221;2_3&#8243; _builder_version=&#8221;4.16&#8243; custom_padding=&#8221;|||&#8221; global_colors_info=&#8221;{}&#8221; custom_padding__hover=&#8221;|||&#8221;][et_pb_text _builder_version=&#8221;4.16&#8243; text_font=&#8221;||||||||&#8221; text_text_color=&#8221;#7e7f93&#8243; text_font_size=&#8221;18px&#8221; header_font=&#8221;||||||||&#8221; header_3_font=&#8221;Lato|700|||||||&#8221; header_3_text_color=&#8221;#4B00E1&#8243; header_3_font_size=&#8221;36px&#8221; header_3_line_height=&#8221;1.4em&#8221; locked=&#8221;off&#8221; global_colors_info=&#8221;{}&#8221;]<\/p>\n<h3>Jackeline Salas<\/h3>\n<p><span>BECARIA AWE &#8211; NATURAL PRODUCTS ENTREPRENEUR &#8211; PERU<\/span><\/p>\n<p>[\/et_pb_text][et_pb_text _builder_version=&#8221;4.16&#8243; text_font=&#8221;||||||||&#8221; text_font_size=&#8221;18px&#8221; text_line_height=&#8221;1.8em&#8221; global_colors_info=&#8221;{}&#8221;]<\/p>\n<p>Empresaria peruana. Jackie es una influencer verde, cree y crea un mundo mejor. Madre de dos hijos.<\/p>\n<p>Desde 2014 comenz\u00f3 a desarrollarse en cosm\u00e9tica artesanal. Mejorando y optimizando la fabricaci\u00f3n de su l\u00ednea de productos cosm\u00e9ticos org\u00e1nicos, ecol\u00f3gicos y ecoconscientes.<\/p>\n<p>Es feminista y activista de los derechos de las mujeres, los derechos humanos y el medio ambiente. Jackie, estudi\u00f3 administraci\u00f3n de empresas con especializaci\u00f3n en Recursos Humanos.<\/p>\n<p>Uno de sus objetivos es que los ni\u00f1os aprendan buenas pr\u00e1cticas ambientales desde casa, por eso ense\u00f1a a ni\u00f1os a crear y practicar h\u00e1bitos ecol\u00f3gicos.<\/p>\n<p><strong>Panelista invitada<\/strong><\/p>\n<p>[\/et_pb_text][\/et_pb_column][\/et_pb_row][et_pb_row column_structure=&#8221;1_3,2_3&#8243; _builder_version=&#8221;4.16&#8243; custom_margin=&#8221;|||&#8221; custom_padding=&#8221;40px|0px|40px|0px&#8221; global_colors_info=&#8221;{}&#8221;][et_pb_column type=&#8221;1_3&#8243; _builder_version=&#8221;4.16&#8243; custom_padding=&#8221;|||&#8221; global_colors_info=&#8221;{}&#8221; custom_padding__hover=&#8221;|||&#8221;][et_pb_image src=&#8221;https:\/\/programaescalera.org\/iwden\/wp-content\/uploads\/sites\/2\/2021\/03\/EvieGurchurran.png&#8221; title_text=&#8221;EvieGurchurran&#8221; align=&#8221;center&#8221; _builder_version=&#8221;4.16&#8243; custom_margin=&#8221;|||&#8221; custom_margin_tablet=&#8221;90px|||&#8221; custom_margin_last_edited=&#8221;off|desktop&#8221; always_center_on_mobile=&#8221;off&#8221; locked=&#8221;off&#8221; global_colors_info=&#8221;{}&#8221;][\/et_pb_image][et_pb_social_media_follow _builder_version=&#8221;4.16&#8243; text_orientation=&#8221;center&#8221; locked=&#8221;off&#8221; global_colors_info=&#8221;{}&#8221;][et_pb_social_media_follow_network social_network=&#8221;linkedin&#8221; url=&#8221;https:\/\/www.linkedin.com\/in\/egurchuran\/&#8221; _builder_version=&#8221;4.16&#8243; background_color=&#8221;#181819&#8243; global_colors_info=&#8221;{}&#8221; follow_button=&#8221;off&#8221; url_new_window=&#8221;on&#8221;]linkedin[\/et_pb_social_media_follow_network][\/et_pb_social_media_follow][\/et_pb_column][et_pb_column type=&#8221;2_3&#8243; _builder_version=&#8221;4.16&#8243; custom_padding=&#8221;|||&#8221; global_colors_info=&#8221;{}&#8221; custom_padding__hover=&#8221;|||&#8221;][et_pb_text _builder_version=&#8221;4.16&#8243; text_font=&#8221;||||||||&#8221; text_text_color=&#8221;#7e7f93&#8243; text_font_size=&#8221;18px&#8221; header_font=&#8221;||||||||&#8221; header_3_font=&#8221;Lato|700|||||||&#8221; header_3_text_color=&#8221;#4B00E1&#8243; header_3_font_size=&#8221;36px&#8221; header_3_line_height=&#8221;1.4em&#8221; locked=&#8221;off&#8221; global_colors_info=&#8221;{}&#8221;]<\/p>\n<h3>Evie Kanhai-Gurchuran<\/h3>\n<p><span>EMPRENDEDORA SERIAL &#8211; GUYANA<\/span><\/p>\n<p>[\/et_pb_text][et_pb_text _builder_version=&#8221;4.16&#8243; text_font=&#8221;||||||||&#8221; text_font_size=&#8221;18px&#8221; text_line_height=&#8221;1.8em&#8221; global_colors_info=&#8221;{}&#8221;]<\/p>\n<p>Evie Kanhai-Gurchuran es la Directora Gerente de Voluntarios de Girls in Tech &#8211; Cap\u00edtulo de Guyana, Girls in Tech es una de las organizaciones sin fines de lucro m\u00e1s grandes para el apoyo a las mujeres en STEM, Rob\u00f3tica e Inteligencia Artificial en todo el mundo.<\/p>\n<p>Tambi\u00e9n es la fundadora de Girls + Technology, una iniciativa formada en colaboraci\u00f3n con su empresa Sites Builders (una empresa de dise\u00f1o web, de comercio electr\u00f3nico y m\u00f3vil), Chaski Global (una empresa de an\u00e1lisis visual global), el Banco Internacional de Desarrollo y el Departamento de Estado de EE. UU. . A trav\u00e9s del Programa de Iniciativa J\u00f3venes L\u00edderes de las Am\u00e9ricas, pudo recopilar datos y producir hallazgos sobre las brechas de oportunidades para las mujeres en TIC y Tecnolog\u00eda, especialmente en educaci\u00f3n y empleo.<\/p>\n<p>Como mujer con conciencia social y de innovaci\u00f3n ganadora de m\u00faltiples premios, utiliza su plataforma para orientar y alentar a otras mujeres j\u00f3venes en sus objetivos profesionales y su crecimiento a trav\u00e9s de varios programas, muchos de los cuales ha creado.<\/p>\n<p>Evie es madre de tres ni\u00f1as y est\u00e1 casada con Miguel Gurchuran. Reside en Georgetown, Guyana.<\/p>\n<p><strong>Panelista invitada<\/strong><\/p>\n<p>[\/et_pb_text][\/et_pb_column][\/et_pb_row][et_pb_row column_structure=&#8221;1_3,2_3&#8243; _builder_version=&#8221;4.16&#8243; custom_margin=&#8221;|||&#8221; custom_padding=&#8221;40px|0px|40px|0px&#8221; global_colors_info=&#8221;{}&#8221;][et_pb_column type=&#8221;1_3&#8243; _builder_version=&#8221;4.16&#8243; custom_padding=&#8221;|||&#8221; global_colors_info=&#8221;{}&#8221; custom_padding__hover=&#8221;|||&#8221;][et_pb_image src=&#8221;https:\/\/programaescalera.org\/iwden\/wp-content\/uploads\/sites\/2\/2021\/03\/EsterAthanasio.png&#8221; title_text=&#8221;EsterAthan\u00e1sio&#8221; align=&#8221;center&#8221; _builder_version=&#8221;4.16&#8243; custom_margin=&#8221;|||&#8221; custom_margin_tablet=&#8221;90px|||&#8221; custom_margin_last_edited=&#8221;off|desktop&#8221; always_center_on_mobile=&#8221;off&#8221; locked=&#8221;off&#8221; global_colors_info=&#8221;{}&#8221;][\/et_pb_image][et_pb_social_media_follow _builder_version=&#8221;4.16&#8243; text_orientation=&#8221;center&#8221; locked=&#8221;off&#8221; global_colors_info=&#8221;{}&#8221;][et_pb_social_media_follow_network social_network=&#8221;linkedin&#8221; url=&#8221;https:\/\/www.linkedin.com\/in\/ester-athan%C3%A1sio-018ab860\/&#8221; _builder_version=&#8221;4.16&#8243; background_color=&#8221;#181819&#8243; global_colors_info=&#8221;{}&#8221; follow_button=&#8221;off&#8221; url_new_window=&#8221;on&#8221;]linkedin[\/et_pb_social_media_follow_network][\/et_pb_social_media_follow][\/et_pb_column][et_pb_column type=&#8221;2_3&#8243; _builder_version=&#8221;4.16&#8243; custom_padding=&#8221;|||&#8221; global_colors_info=&#8221;{}&#8221; custom_padding__hover=&#8221;|||&#8221;][et_pb_text _builder_version=&#8221;4.16&#8243; text_font=&#8221;||||||||&#8221; text_text_color=&#8221;#7e7f93&#8243; text_font_size=&#8221;18px&#8221; header_font=&#8221;||||||||&#8221; header_3_font=&#8221;Lato|700|||||||&#8221; header_3_text_color=&#8221;#4B00E1&#8243; header_3_font_size=&#8221;36px&#8221; header_3_line_height=&#8221;1.4em&#8221; locked=&#8221;off&#8221; global_colors_info=&#8221;{}&#8221;]<\/p>\n<h3>Ester Athan\u00e1sio<\/h3>\n<p><span>EMPRENDEDORA EN COMUNICACI\u00d3N &#8211; BRASIL<\/span><\/p>\n<p>[\/et_pb_text][et_pb_text _builder_version=&#8221;4.16&#8243; text_font=&#8221;||||||||&#8221; text_font_size=&#8221;18px&#8221; text_line_height=&#8221;1.8em&#8221; global_colors_info=&#8221;{}&#8221;]<\/p>\n<p>Ester Athan\u00e1sio es Periodista, M\u00e1ster en Comunicaci\u00f3n y Doctora en Pol\u00edticas P\u00fablicas. Fundadora de DeProp\u00f3sito Causes Communication, empresa social. Es becaria de la Iniciativa Joven L\u00edder de las Am\u00e9ricas (YLAI) 2018, programa de intercambio profesional del Departamento de Estado de Estados Unidos, miembro de Global Shapers Brasil, hub vinculado al Foro Econ\u00f3mico Mundial, becaria de la Academia Amaz\u00f4nia Ensina y 2do lugar en el Premio Emprendedor Curitibana, del Ayuntamiento de Curitiba. Trabaja como responsable de prensa especializada en causas socioambientales y realiza proyectos de formaci\u00f3n en comunicaci\u00f3n y educaci\u00f3n en medios. Profesora universitario, de investigaci\u00f3n acad\u00e9mica de periodismo pol\u00edtico.<\/p>\n<p><strong>Panelista invitada<\/strong><\/p>\n<p>[\/et_pb_text][\/et_pb_column][\/et_pb_row][et_pb_row _builder_version=&#8221;4.16&#8243; custom_margin=&#8221;|||&#8221; custom_padding=&#8221;|||&#8221; global_colors_info=&#8221;{}&#8221;][et_pb_column type=&#8221;4_4&#8243; _builder_version=&#8221;4.16&#8243; custom_padding=&#8221;|||&#8221; global_colors_info=&#8221;{}&#8221; custom_padding__hover=&#8221;|||&#8221;][et_pb_text module_id=&#8221;workshops&#8221; _builder_version=&#8221;4.16&#8243; text_font=&#8221;||||||||&#8221; header_font=&#8221;||||||||&#8221; header_2_font=&#8221;Lato|700|||||||&#8221; header_2_text_align=&#8221;center&#8221; header_2_text_color=&#8221;#4B00E1&#8243; header_2_font_size=&#8221;40px&#8221; header_2_line_height=&#8221;1.3em&#8221; max_width=&#8221;700px&#8221; module_alignment=&#8221;center&#8221; custom_margin=&#8221;||2px|||&#8221; global_colors_info=&#8221;{}&#8221;]<\/p>\n<h2>Facilitadores de los talleres<\/h2>\n<p>[\/et_pb_text][et_pb_divider color=&#8221;#3DFFED&#8221; divider_position=&#8221;center&#8221; divider_weight=&#8221;4px&#8221; _builder_version=&#8221;4.16&#8243; _module_preset=&#8221;default&#8221; max_width=&#8221;90px&#8221; module_alignment=&#8221;center&#8221; global_colors_info=&#8221;{}&#8221;][\/et_pb_divider][\/et_pb_column][\/et_pb_row][et_pb_row column_structure=&#8221;1_3,2_3&#8243; _builder_version=&#8221;4.16&#8243; custom_margin=&#8221;|||&#8221; custom_padding=&#8221;40px|0px|40px|0px&#8221; global_colors_info=&#8221;{}&#8221;][et_pb_column type=&#8221;1_3&#8243; _builder_version=&#8221;4.16&#8243; custom_padding=&#8221;|||&#8221; global_colors_info=&#8221;{}&#8221; custom_padding__hover=&#8221;|||&#8221;][et_pb_image src=&#8221;https:\/\/programaescalera.org\/dimes\/wp-content\/uploads\/sites\/3\/2021\/03\/MoniqueLemos.png&#8221; title_text=&#8221;MoniqueLemos&#8221; align=&#8221;center&#8221; _builder_version=&#8221;4.16&#8243; custom_margin=&#8221;|||&#8221; custom_margin_tablet=&#8221;90px|||&#8221; custom_margin_last_edited=&#8221;off|desktop&#8221; always_center_on_mobile=&#8221;off&#8221; locked=&#8221;off&#8221; global_colors_info=&#8221;{}&#8221;][\/et_pb_image][et_pb_social_media_follow _builder_version=&#8221;4.16&#8243; text_orientation=&#8221;center&#8221; locked=&#8221;off&#8221; global_colors_info=&#8221;{}&#8221;][et_pb_social_media_follow_network social_network=&#8221;linkedin&#8221; url=&#8221;https:\/\/www.linkedin.com\/in\/moniquelemosaraujo\/&#8221; _builder_version=&#8221;4.16&#8243; background_color=&#8221;#181819&#8243; global_colors_info=&#8221;{}&#8221; follow_button=&#8221;off&#8221; url_new_window=&#8221;on&#8221;]linkedin[\/et_pb_social_media_follow_network][\/et_pb_social_media_follow][\/et_pb_column][et_pb_column type=&#8221;2_3&#8243; _builder_version=&#8221;4.16&#8243; custom_padding=&#8221;|||&#8221; global_colors_info=&#8221;{}&#8221; custom_padding__hover=&#8221;|||&#8221;][et_pb_text _builder_version=&#8221;4.16&#8243; text_font=&#8221;||||||||&#8221; text_text_color=&#8221;#7e7f93&#8243; text_font_size=&#8221;18px&#8221; header_font=&#8221;||||||||&#8221; header_3_font=&#8221;Lato|700|||||||&#8221; header_3_text_color=&#8221;#4B00E1&#8243; header_3_font_size=&#8221;36px&#8221; header_3_line_height=&#8221;1.4em&#8221; locked=&#8221;off&#8221; global_colors_info=&#8221;{}&#8221;]<\/p>\n<h3>Monique Lemos<\/h3>\n<p><span>FUNDADORA DE MONIQUE LEMOS CONSULTOR\u00cdA \u2013\u00a0 BRASIL<\/span><\/p>\n<p>[\/et_pb_text][et_pb_text _builder_version=&#8221;4.16&#8243; text_font=&#8221;||||||||&#8221; text_font_size=&#8221;18px&#8221; text_line_height=&#8221;1.8em&#8221; global_colors_info=&#8221;{}&#8221;]<\/p>\n<p><span>Estratega de negocios, licenciada en administraci\u00f3n y derecho, ha trabajado como consultora de nuevos negocios <\/span><span>e innovaci\u00f3n en los \u00faltimos a\u00f1os en Consultores Associados y SER, consultor\u00eda de impacto y YLAI Alumni. Debido a su experiencia en el mundo empresarial, enfrent\u00f3 desde el principio situaciones machistas, lo que lo llev\u00f3 a abordar temas feministas desde 2016, a trav\u00e9s de conferencias, talleres y participaci\u00f3n en grupos, c\u00edrculos de conversaci\u00f3n y proyectos relacionados con el tema como @motoradesign y @mulhersouta.<\/span><\/p>\n<p><strong>50 formas de combatir el sesgo (Portugu\u00e9s):<\/strong> Jueves 25 de marzo, @ 8:00am MX<\/p>\n<p>[\/et_pb_text][\/et_pb_column][\/et_pb_row][et_pb_row column_structure=&#8221;1_3,2_3&#8243; _builder_version=&#8221;4.16&#8243; custom_margin=&#8221;|||&#8221; custom_padding=&#8221;40px|0px|40px|0px&#8221; global_colors_info=&#8221;{}&#8221;][et_pb_column type=&#8221;1_3&#8243; _builder_version=&#8221;4.16&#8243; custom_padding=&#8221;|||&#8221; global_colors_info=&#8221;{}&#8221; custom_padding__hover=&#8221;|||&#8221;][et_pb_image src=&#8221;https:\/\/programaescalera.org\/iwden\/wp-content\/uploads\/sites\/2\/2021\/03\/MelissaRomero.png&#8221; title_text=&#8221;MelissaRomero&#8221; align=&#8221;center&#8221; _builder_version=&#8221;4.16&#8243; custom_margin=&#8221;|||&#8221; custom_margin_tablet=&#8221;90px|||&#8221; custom_margin_last_edited=&#8221;off|desktop&#8221; always_center_on_mobile=&#8221;off&#8221; locked=&#8221;off&#8221; global_colors_info=&#8221;{}&#8221;][\/et_pb_image][et_pb_social_media_follow _builder_version=&#8221;4.16&#8243; text_orientation=&#8221;center&#8221; locked=&#8221;off&#8221; global_colors_info=&#8221;{}&#8221;][et_pb_social_media_follow_network social_network=&#8221;linkedin&#8221; url=&#8221;https:\/\/www.linkedin.com\/in\/melissart\/&#8221; _builder_version=&#8221;4.16&#8243; background_color=&#8221;#181819&#8243; global_colors_info=&#8221;{}&#8221; follow_button=&#8221;off&#8221; url_new_window=&#8221;on&#8221;]linkedin[\/et_pb_social_media_follow_network][\/et_pb_social_media_follow][\/et_pb_column][et_pb_column type=&#8221;2_3&#8243; _builder_version=&#8221;4.16&#8243; custom_padding=&#8221;|||&#8221; global_colors_info=&#8221;{}&#8221; custom_padding__hover=&#8221;|||&#8221;][et_pb_text _builder_version=&#8221;4.16&#8243; text_font=&#8221;||||||||&#8221; text_text_color=&#8221;#7e7f93&#8243; text_font_size=&#8221;18px&#8221; header_font=&#8221;||||||||&#8221; header_3_font=&#8221;Lato|700|||||||&#8221; header_3_text_color=&#8221;#4B00E1&#8243; header_3_font_size=&#8221;36px&#8221; header_3_line_height=&#8221;1.4em&#8221; locked=&#8221;off&#8221; global_colors_info=&#8221;{}&#8221;]<\/p>\n<h3>Melissa Romero<\/h3>\n<p>COFUNDADORA Y CEO DE BAUBO &#8211; COFUNDADORA Y PRESIDENTA DE LEAN IN PA\u00cdSES BAJOS &#8211; COLOMBIA<\/p>\n<p>[\/et_pb_text][et_pb_text _builder_version=&#8221;4.16&#8243; text_font=&#8221;||||||||&#8221; text_font_size=&#8221;18px&#8221; text_line_height=&#8221;1.8em&#8221; global_colors_info=&#8221;{}&#8221;]<\/p>\n<p><span>Conoce a Melissa Romero colombiana de nacimiento, holandesa por casualidad, ciudadana del mundo. A los 17 a\u00f1os, la familia de Melissa fue expulsada de Colombia, lo que le ense\u00f1\u00f3 el significado de asumir la responsabilidad de su propio destino: luego de graduarse como Ingeniera Industrial a los 20 a\u00f1os, se embarc\u00f3 en una aventura que la llev\u00f3 a vivir en 7 Pa\u00edses, aprendiendo 5 idiomas con fluidez en el camino. Melissa tiene m\u00e1s de 10 a\u00f1os de experiencia en Procter &amp; Gamble, construyendo marcas de miles de millones de d\u00f3lares y liderando empresas y equipos complejos. Trabaj\u00f3 en la mayor\u00eda de las categor\u00edas, inclu\u00cdda la de liderar el negocio de Gillette de 250 millones de euros para los 7 principales mercados mundiales: Francia \/ Benelux. Tambi\u00e9n es la fundadora de Lean In Netherlands, que aboga por una sociedad m\u00e1s igualitaria. Desde que dej\u00f3 P&amp;G, Melissa est\u00e1 combinando su prop\u00f3sito de ayudar a mejorar la vida de las mujeres y sus habilidades, al cofundar la startup de Femtech Baubo, que tiene como objetivo empoderar a las mujeres a trav\u00e9s de la transici\u00f3n menop\u00e1usica. Melissa, construye su empresa mientras est\u00e1 orgullosamente embarazada de gemelas.<\/span><\/p>\n<p><strong>#IamRemarkable (Espa\u00f1ol):<\/strong> Jueves 25 de Marzo, @ 9:00am MX<\/p>\n<p>[\/et_pb_text][\/et_pb_column][\/et_pb_row][et_pb_row column_structure=&#8221;1_3,2_3&#8243; _builder_version=&#8221;4.16&#8243; custom_margin=&#8221;|||&#8221; custom_padding=&#8221;40px|0px|40px|0px&#8221; global_colors_info=&#8221;{}&#8221;][et_pb_column type=&#8221;1_3&#8243; _builder_version=&#8221;4.16&#8243; custom_padding=&#8221;|||&#8221; global_colors_info=&#8221;{}&#8221; custom_padding__hover=&#8221;|||&#8221;][et_pb_image src=&#8221;https:\/\/programaescalera.org\/dimes\/wp-content\/uploads\/sites\/3\/2021\/03\/SandraMendezSantana.png&#8221; title_text=&#8221;SandraMendezSantana&#8221; align=&#8221;center&#8221; _builder_version=&#8221;4.16&#8243; custom_margin=&#8221;|||&#8221; custom_margin_tablet=&#8221;90px|||&#8221; custom_margin_last_edited=&#8221;off|desktop&#8221; always_center_on_mobile=&#8221;off&#8221; locked=&#8221;off&#8221; global_colors_info=&#8221;{}&#8221;][\/et_pb_image][et_pb_social_media_follow _builder_version=&#8221;4.16&#8243; text_orientation=&#8221;center&#8221; locked=&#8221;off&#8221; global_colors_info=&#8221;{}&#8221;][et_pb_social_media_follow_network social_network=&#8221;linkedin&#8221; url=&#8221;https:\/\/www.linkedin.com\/in\/sandra-mendez-santana-45017123\/&#8221; _builder_version=&#8221;4.16&#8243; background_color=&#8221;#181819&#8243; global_colors_info=&#8221;{}&#8221; follow_button=&#8221;off&#8221; url_new_window=&#8221;on&#8221;]linkedin[\/et_pb_social_media_follow_network][\/et_pb_social_media_follow][\/et_pb_column][et_pb_column type=&#8221;2_3&#8243; _builder_version=&#8221;4.16&#8243; custom_padding=&#8221;|||&#8221; global_colors_info=&#8221;{}&#8221; custom_padding__hover=&#8221;|||&#8221;][et_pb_text _builder_version=&#8221;4.16&#8243; text_font=&#8221;||||||||&#8221; text_text_color=&#8221;#7e7f93&#8243; text_font_size=&#8221;18px&#8221; header_font=&#8221;||||||||&#8221; header_3_font=&#8221;Lato|700|||||||&#8221; header_3_text_color=&#8221;#4B00E1&#8243; header_3_font_size=&#8221;36px&#8221; header_3_line_height=&#8221;1.4em&#8221; locked=&#8221;off&#8221; global_colors_info=&#8221;{}&#8221;]<\/p>\n<h3>Sandra M\u00e9ndez Santana<\/h3>\n<p><span>FUNDADORA DE PROFESIONALES AQU\u00cd \u2013 VENEZUELA<\/span><\/p>\n<p>[\/et_pb_text][et_pb_text _builder_version=&#8221;4.16&#8243; text_font=&#8221;||||||||&#8221; text_font_size=&#8221;18px&#8221; text_line_height=&#8221;1.8em&#8221; global_colors_info=&#8221;{}&#8221;]<\/p>\n<p>Licda en Relaciones Industriales UCAB (Caracas), Diplomado en Psicolog\u00eda aplicada a la Gerencia y la Comunicaci\u00f3n (CEATE \u2013 UC). Experiencia docente con ni\u00f1os y adultos en idiomas y \u00e1reas de gesti\u00f3n humana. Fundadora de Serfolg Consultores y ProfesionalesAQUI.com.<\/p>\n<p><strong>50 formas de combatir el sesgo (Espa\u00f1ol):<\/strong> Jueves 25 de marzo, @ 10:00am MX<\/p>\n<p>[\/et_pb_text][\/et_pb_column][\/et_pb_row][et_pb_row column_structure=&#8221;1_3,2_3&#8243; _builder_version=&#8221;4.16&#8243; custom_margin=&#8221;|||&#8221; custom_padding=&#8221;40px|0px|40px|0px&#8221; global_colors_info=&#8221;{}&#8221;][et_pb_column type=&#8221;1_3&#8243; _builder_version=&#8221;4.16&#8243; custom_padding=&#8221;|||&#8221; global_colors_info=&#8221;{}&#8221; custom_padding__hover=&#8221;|||&#8221;][et_pb_image src=&#8221;https:\/\/programaescalera.org\/iwden\/wp-content\/uploads\/sites\/2\/2021\/03\/AdriAguilar.png&#8221; title_text=&#8221;AdriAguilar&#8221; align=&#8221;center&#8221; _builder_version=&#8221;4.16&#8243; custom_margin=&#8221;|||&#8221; custom_margin_tablet=&#8221;90px|||&#8221; custom_margin_last_edited=&#8221;off|desktop&#8221; always_center_on_mobile=&#8221;off&#8221; locked=&#8221;off&#8221; global_colors_info=&#8221;{}&#8221;][\/et_pb_image][et_pb_social_media_follow _builder_version=&#8221;4.16&#8243; text_orientation=&#8221;center&#8221; locked=&#8221;off&#8221; global_colors_info=&#8221;{}&#8221;][et_pb_social_media_follow_network social_network=&#8221;linkedin&#8221; url=&#8221;https:\/\/www.linkedin.com\/in\/adriaguilar\/&#8221; _builder_version=&#8221;4.16&#8243; background_color=&#8221;#181819&#8243; global_colors_info=&#8221;{}&#8221; follow_button=&#8221;off&#8221; url_new_window=&#8221;on&#8221;]linkedin[\/et_pb_social_media_follow_network][\/et_pb_social_media_follow][\/et_pb_column][et_pb_column type=&#8221;2_3&#8243; _builder_version=&#8221;4.16&#8243; custom_padding=&#8221;|||&#8221; global_colors_info=&#8221;{}&#8221; custom_padding__hover=&#8221;|||&#8221;][et_pb_text _builder_version=&#8221;4.16&#8243; text_font=&#8221;||||||||&#8221; text_text_color=&#8221;#7e7f93&#8243; text_font_size=&#8221;18px&#8221; header_font=&#8221;||||||||&#8221; header_3_font=&#8221;Lato|700|||||||&#8221; header_3_text_color=&#8221;#4B00E1&#8243; header_3_font_size=&#8221;36px&#8221; header_3_line_height=&#8221;1.4em&#8221; locked=&#8221;off&#8221; global_colors_info=&#8221;{}&#8221;]<\/p>\n<h3>Adri Aguilar<\/h3>\n<p><span>FUNDADORA DE PROGRAMA ESCALERA \u2013 MIEMBRO DE YLAI ALUMNI BOARD \u2013 GUATEMALA<\/span><\/p>\n<p>[\/et_pb_text][et_pb_text _builder_version=&#8221;4.16&#8243; text_font=&#8221;||||||||&#8221; text_font_size=&#8221;18px&#8221; text_line_height=&#8221;1.8em&#8221; global_colors_info=&#8221;{}&#8221;]<\/p>\n<p>Adriana Aguilar tiene m\u00e1s de 20 a\u00f1os de experiencia en gesti\u00f3n empresarial, programaci\u00f3n y educaci\u00f3n para adolescentes, adultos y personas con necesidades especiales. Fundadora de Yuxtem en 2015.<\/p>\n<p>Becaria en 2018 de la Iniciativa J\u00f3venes L\u00edderes de las Am\u00e9ricas (YLAI). Miembro actual de YLAI Alumni Board y responsable de su Comit\u00e9 de Mentor\u00eda.<\/p>\n<p>Fund\u00f3 Programa Escalera en 2017, un programa enfocado a aumentar los ingresos de las mujeres, especialmente para aquellas vulnerables a la violencia.<\/p>\n<p>M\u00e1s recientemente, particip\u00f3 como conferencista en eventos de emprendimiento, mujeres y tecnolog\u00eda en Guatemala, Paraguay, Ecuador, Colombia, Honduras, Per\u00fa, Texas (USA) y Malasia. En 2020 se convirti\u00f3 en mentora y miembro de la junta asesora de WiseHer.<\/p>\n<p><strong>50 formas de combatir el sesgo (Ingl\u00e9s):<\/strong> Jueves 25 de marzo, @ 10:00am MX<\/p>\n<p>[\/et_pb_text][\/et_pb_column][\/et_pb_row][et_pb_row column_structure=&#8221;1_3,2_3&#8243; _builder_version=&#8221;4.16&#8243; custom_margin=&#8221;|||&#8221; custom_padding=&#8221;40px|0px|40px|0px&#8221; global_colors_info=&#8221;{}&#8221;][et_pb_column type=&#8221;1_3&#8243; _builder_version=&#8221;4.16&#8243; custom_padding=&#8221;|||&#8221; global_colors_info=&#8221;{}&#8221; custom_padding__hover=&#8221;|||&#8221;][et_pb_image src=&#8221;https:\/\/programaescalera.org\/iwden\/wp-content\/uploads\/sites\/2\/2021\/03\/ColinBanning.png&#8221; title_text=&#8221;ColinBanning&#8221; align=&#8221;center&#8221; _builder_version=&#8221;4.16&#8243; custom_margin=&#8221;|||&#8221; custom_margin_tablet=&#8221;90px|||&#8221; custom_margin_last_edited=&#8221;off|desktop&#8221; always_center_on_mobile=&#8221;off&#8221; locked=&#8221;off&#8221; global_colors_info=&#8221;{}&#8221;][\/et_pb_image][et_pb_social_media_follow _builder_version=&#8221;4.16&#8243; text_orientation=&#8221;center&#8221; locked=&#8221;off&#8221; global_colors_info=&#8221;{}&#8221;][et_pb_social_media_follow_network social_network=&#8221;linkedin&#8221; url=&#8221;https:\/\/www.linkedin.com\/in\/ckbanning\/&#8221; _builder_version=&#8221;4.16&#8243; background_color=&#8221;#181819&#8243; global_colors_info=&#8221;{}&#8221; follow_button=&#8221;off&#8221; url_new_window=&#8221;on&#8221;]linkedin[\/et_pb_social_media_follow_network][\/et_pb_social_media_follow][\/et_pb_column][et_pb_column type=&#8221;2_3&#8243; _builder_version=&#8221;4.16&#8243; custom_padding=&#8221;|||&#8221; global_colors_info=&#8221;{}&#8221; custom_padding__hover=&#8221;|||&#8221;][et_pb_text _builder_version=&#8221;4.16&#8243; text_font=&#8221;||||||||&#8221; text_text_color=&#8221;#7e7f93&#8243; text_font_size=&#8221;18px&#8221; header_font=&#8221;||||||||&#8221; header_3_font=&#8221;Lato|700|||||||&#8221; header_3_text_color=&#8221;#4B00E1&#8243; header_3_font_size=&#8221;36px&#8221; header_3_line_height=&#8221;1.4em&#8221; locked=&#8221;off&#8221; global_colors_info=&#8221;{}&#8221;]<\/p>\n<h3>Colin Banning<\/h3>\n<p><span>COFUNDADOR DE TGB CONSULTING \u2013 GUATEMALA<\/span><\/p>\n<p>[\/et_pb_text][et_pb_text _builder_version=&#8221;4.16&#8243; text_font=&#8221;||||||||&#8221; text_font_size=&#8221;18px&#8221; text_line_height=&#8221;1.8em&#8221; global_colors_info=&#8221;{}&#8221;]<\/p>\n<p>Cofundador y Director Ejecutivo de TGB Consulting. Colin tiene m\u00e1s de 19 a\u00f1os de experiencia trabajando en innovaci\u00f3n, desarrollo empresarial y sustentabilidad en Latinoam\u00e9rica.<\/p>\n<p>Colin se gradu\u00f3 en Administraci\u00f3n de Empresas de la Universidad Rafael Land\u00edvar de Guatemala. Certificado en Liderazgo en Nuevas Empresas del Instituto de Tecnolog\u00eda y Gesti\u00f3n de Ciencia de Datos de Massachusetts de la Universidad Johns Hopkins. Profesor universitario de la facultad de Ciencia, Tecnolog\u00eda e Industria de la Universidad Galileo y mentor de los Bootcaps de Emprendimiento de la Universidad Franciso Marroqu\u00edn de Guatemala.<\/p>\n<p>Consultor de la Divisi\u00f3n de Inversiones y Empresas de la Conferencia de las Naciones Unidas sobre Comercio y Desarrollo en Guatemala encargado del reporte de Sostenibilidad \/ ESG en el pa\u00eds. Tambi\u00e9n es miembro de la junta directiva de la Comisi\u00f3n de Servicios Integrados a la Exportaci\u00f3n de la Asociaci\u00f3n de Exportadores de Guatemala.<\/p>\n<p><strong>Formado un futuro para todos:<\/strong> Jueves 25 de marzo, @ 11:10am MX<\/p>\n<p>[\/et_pb_text][\/et_pb_column][\/et_pb_row][et_pb_row _builder_version=&#8221;4.16&#8243; _module_preset=&#8221;default&#8221; global_colors_info=&#8221;{}&#8221;][et_pb_column type=&#8221;4_4&#8243; _builder_version=&#8221;4.16&#8243; _module_preset=&#8221;default&#8221; global_colors_info=&#8221;{}&#8221;][et_pb_text _builder_version=&#8221;4.16&#8243; text_font=&#8221;||||||||&#8221; text_text_color=&#8221;#7e7f93&#8243; text_font_size=&#8221;18px&#8221; header_font=&#8221;||||||||&#8221; header_3_font=&#8221;Lato|700|||||||&#8221; header_3_text_color=&#8221;#4B00E1&#8243; header_3_font_size=&#8221;36px&#8221; header_3_line_height=&#8221;1.4em&#8221; locked=&#8221;off&#8221; global_colors_info=&#8221;{}&#8221;]<\/p>\n<p style=\"text-align: center;\"><span><strong>Nota:<\/strong> Todos los horarios en horario de M\u00e9xico y Centro Am\u00e9rica. Para horarios locales ingrese en:<\/span><\/p>\n<p>[\/et_pb_text][et_pb_button button_url=&#8221;https:\/\/programaescalera.org\/dimes\/agenda\/&#8221; button_text=&#8221;Agenda y horarios locales&#8221; button_alignment=&#8221;center&#8221; _builder_version=&#8221;4.16&#8243; custom_button=&#8221;on&#8221; button_text_size=&#8221;14px&#8221; button_text_color=&#8221;#4B00E1&#8243; button_bg_color=&#8221;#3DFFED&#8221; button_border_width=&#8221;12px&#8221; button_border_color=&#8221;#3DFFED&#8221; button_border_radius=&#8221;0px&#8221; button_letter_spacing=&#8221;1px&#8221; button_font=&#8221;|700||on|||||&#8221; button_use_icon=&#8221;off&#8221; background_layout=&#8221;dark&#8221; custom_margin=&#8221;|||&#8221; custom_padding=&#8221;|||&#8221; locked=&#8221;off&#8221; global_colors_info=&#8221;{}&#8221; button_text_size__hover_enabled=&#8221;off&#8221; button_one_text_size__hover_enabled=&#8221;off&#8221; button_two_text_size__hover_enabled=&#8221;off&#8221; button_text_color__hover_enabled=&#8221;off&#8221; button_one_text_color__hover_enabled=&#8221;off&#8221; button_two_text_color__hover_enabled=&#8221;off&#8221; button_border_width__hover_enabled=&#8221;off&#8221; button_one_border_width__hover_enabled=&#8221;off&#8221; button_two_border_width__hover_enabled=&#8221;off&#8221; button_border_color__hover_enabled=&#8221;off&#8221; button_one_border_color__hover_enabled=&#8221;off&#8221; button_two_border_color__hover_enabled=&#8221;off&#8221; button_border_radius__hover_enabled=&#8221;off&#8221; button_one_border_radius__hover_enabled=&#8221;off&#8221; button_two_border_radius__hover_enabled=&#8221;off&#8221; button_letter_spacing__hover_enabled=&#8221;off&#8221; button_one_letter_spacing__hover_enabled=&#8221;off&#8221; button_two_letter_spacing__hover_enabled=&#8221;off&#8221; button_bg_color__hover_enabled=&#8221;off&#8221; button_one_bg_color__hover_enabled=&#8221;off&#8221; button_two_bg_color__hover_enabled=&#8221;off&#8221;][\/et_pb_button][\/et_pb_column][\/et_pb_row][\/et_pb_section]<\/p>\n","protected":false},"excerpt":{"rendered":"<p>Desafiando el sesgo de g\u00e9nero en el emprendimientoConferencistas y panelistasConferencistasAdri Aguilar FUNDADORA DE PROGRAMA ESCALERA \u2013 MIEMBRO DE YLAI ALUMNI BOARD \u2013 GUATEMALAAdriana Aguilar tiene m\u00e1s de 20 a\u00f1os de experiencia en gesti\u00f3n empresarial, programaci\u00f3n y educaci\u00f3n para adolescentes, adultos y personas con necesidades especiales. Fundadora de Yuxtem en 2015. Becaria en 2018 de la [&hellip;]<\/p>\n","protected":false},"author":1,"featured_media":0,"parent":0,"menu_order":0,"comment_status":"closed","ping_status":"closed","template":"","meta":{"_acf_changed":false,"_et_pb_use_builder":"on","_et_pb_old_content":"<!-- wp:divi\/placeholder \/-->","_et_gb_content_width":"","footnotes":""},"class_list":["post-80","page","type-page","status-publish","hentry"],"acf":[],"jetpack_sharing_enabled":true,"_links":{"self":[{"href":"https:\/\/programaescalera.org\/dimes\/wp-json\/wp\/v2\/pages\/80","targetHints":{"allow":["GET"]}}],"collection":[{"href":"https:\/\/programaescalera.org\/dimes\/wp-json\/wp\/v2\/pages"}],"about":[{"href":"https:\/\/programaescalera.org\/dimes\/wp-json\/wp\/v2\/types\/page"}],"author":[{"embeddable":true,"href":"https:\/\/programaescalera.org\/dimes\/wp-json\/wp\/v2\/users\/1"}],"replies":[{"embeddable":true,"href":"https:\/\/programaescalera.org\/dimes\/wp-json\/wp\/v2\/comments?post=80"}],"version-history":[{"count":6,"href":"https:\/\/programaescalera.org\/dimes\/wp-json\/wp\/v2\/pages\/80\/revisions"}],"predecessor-version":[{"id":267,"href":"https:\/\/programaescalera.org\/dimes\/wp-json\/wp\/v2\/pages\/80\/revisions\/267"}],"wp:attachment":[{"href":"https:\/\/programaescalera.org\/dimes\/wp-json\/wp\/v2\/media?parent=80"}],"curies":[{"name":"wp","href":"https:\/\/api.w.org\/{rel}","templated":true}]}}