{"id":82,"date":"2021-03-10T10:59:11","date_gmt":"2021-03-10T09:59:11","guid":{"rendered":"https:\/\/programaescalera.org\/iwden\/?page_id=82"},"modified":"2021-03-19T13:27:27","modified_gmt":"2021-03-19T12:27:27","slug":"agenda","status":"publish","type":"page","link":"https:\/\/programaescalera.org\/dimes\/agenda\/","title":{"rendered":"Agenda"},"content":{"rendered":"<p>[et_pb_section fb_built=&#8221;1&#8243; custom_padding_last_edited=&#8221;on|phone&#8221; admin_label=&#8221;Hero&#8221; _builder_version=&#8221;4.9.1&#8243; background_color=&#8221;#4B00E1&#8243; use_background_color_gradient=&#8221;on&#8221; background_color_gradient_start=&#8221;#2900a5&#8243; background_color_gradient_end=&#8221;#3500b2&#8243; background_color_gradient_direction=&#8221;271deg&#8221; background_image=&#8221;https:\/\/programaescalera.org\/iwden\/wp-content\/uploads\/sites\/2\/2021\/03\/Header.png&#8221; background_size=&#8221;initial&#8221; background_position=&#8221;bottom_right&#8221; background_blend=&#8221;overlay&#8221; min_height=&#8221;700px&#8221; custom_margin=&#8221;||-2px|||&#8221; custom_padding=&#8221;100px|0px|101px|0px||&#8221; custom_padding_tablet=&#8221;&#8221; custom_padding_phone=&#8221;40px||40px||false|false&#8221;][et_pb_row column_structure=&#8221;1_2,1_2&#8243; make_equal=&#8221;on&#8221; _builder_version=&#8221;4.9.1&#8243; background_size=&#8221;initial&#8221; background_position=&#8221;top_left&#8221; background_repeat=&#8221;repeat&#8221; custom_margin=&#8221;|||&#8221; custom_padding=&#8221;|||&#8221;][et_pb_column type=&#8221;1_2&#8243; _builder_version=&#8221;3.25&#8243; custom_padding=&#8221;|||&#8221; custom_padding_tablet=&#8221;20px|10%|0px|10%&#8221; custom_padding_last_edited=&#8221;off|desktop&#8221; padding_tablet=&#8221;20px|10%|0px|10%&#8221; padding_last_edited=&#8221;off|desktop&#8221; custom_padding__hover=&#8221;|||&#8221;][et_pb_text _builder_version=&#8221;4.9.1&#8243; text_font=&#8221;Ubuntu||||||||&#8221; text_text_color=&#8221;#FFFFFF&#8221; text_font_size=&#8221;24px&#8221; text_line_height=&#8221;1.8em&#8221; header_font=&#8221;||||||||&#8221; background_layout=&#8221;dark&#8221; custom_margin=&#8221;||10px|&#8221; animation_style=&#8221;flip&#8221; animation_direction=&#8221;top&#8221; animation_delay=&#8221;50ms&#8221; text_line_height_tablet=&#8221;1.8em&#8221; text_line_height_last_edited=&#8221;off|desktop&#8221;]<\/p>\n<p>Desafiando el sesgo de g\u00e9nero en el emprendimiento<\/p>\n<p>[\/et_pb_text][et_pb_text _builder_version=&#8221;4.9.1&#8243; text_font=&#8221;||||||||&#8221; header_font=&#8221;Lato|900|||||||&#8221; header_text_color=&#8221;#3DFFED&#8221; header_font_size=&#8221;50px&#8221; header_line_height=&#8221;1.3em&#8221; background_layout=&#8221;dark&#8221; custom_margin=&#8221;||0px|&#8221; animation_style=&#8221;flip&#8221; animation_direction=&#8221;top&#8221; header_font_size_tablet=&#8221;&#8221; header_font_size_phone=&#8221;45px&#8221; header_font_size_last_edited=&#8221;on|phone&#8221;]<\/p>\n<h1>Agenda y horarios locales para Canad\u00e1, USA, Am\u00e9rica Latina y el Caribe<\/h1>\n<p>[\/et_pb_text][et_pb_divider color=&#8221;#FFFFFF&#8221; divider_position=&#8221;center&#8221; divider_weight=&#8221;3px&#8221; _builder_version=&#8221;4.9.1&#8243; max_width=&#8221;90px&#8221; max_width_tablet=&#8221;12%&#8221; max_width_last_edited=&#8221;off|desktop&#8221; custom_margin=&#8221;|||&#8221; animation_style=&#8221;flip&#8221; animation_delay=&#8221;100ms&#8221;][\/et_pb_divider][et_pb_button button_url=&#8221;https:\/\/programaescalera.org\/iwden\/agenda\/#times&#8221; button_text=&#8221;Horarios en mi pa\u00eds&#8221; _builder_version=&#8221;4.9.1&#8243; custom_button=&#8221;on&#8221; button_text_size=&#8221;14px&#8221; button_bg_color=&#8221;#4646c4&#8243; button_border_width=&#8221;12px&#8221; button_border_color=&#8221;#4646c4&#8243; button_border_radius=&#8221;0px&#8221; button_letter_spacing=&#8221;1px&#8221; button_font=&#8221;|700||on|||||&#8221; button_icon=&#8221;%%3%%&#8221; button_on_hover=&#8221;off&#8221; background_layout=&#8221;dark&#8221; custom_margin=&#8221;|||&#8221; custom_padding=&#8221;|||&#8221; animation_style=&#8221;flip&#8221; animation_direction=&#8221;top&#8221; animation_delay=&#8221;200ms&#8221; button_text_size__hover_enabled=&#8221;off&#8221; button_one_text_size__hover_enabled=&#8221;off&#8221; button_two_text_size__hover_enabled=&#8221;off&#8221; button_text_color__hover_enabled=&#8221;off&#8221; button_one_text_color__hover_enabled=&#8221;off&#8221; button_two_text_color__hover_enabled=&#8221;off&#8221; button_border_width__hover_enabled=&#8221;off&#8221; button_one_border_width__hover_enabled=&#8221;off&#8221; button_two_border_width__hover_enabled=&#8221;off&#8221; button_border_color__hover_enabled=&#8221;off&#8221; button_one_border_color__hover_enabled=&#8221;off&#8221; button_two_border_color__hover_enabled=&#8221;off&#8221; button_border_radius__hover_enabled=&#8221;off&#8221; button_one_border_radius__hover_enabled=&#8221;off&#8221; button_two_border_radius__hover_enabled=&#8221;off&#8221; button_letter_spacing__hover_enabled=&#8221;off&#8221; button_one_letter_spacing__hover_enabled=&#8221;off&#8221; button_two_letter_spacing__hover_enabled=&#8221;off&#8221; button_bg_color__hover_enabled=&#8221;off&#8221; button_one_bg_color__hover_enabled=&#8221;off&#8221; button_two_bg_color__hover_enabled=&#8221;off&#8221;][\/et_pb_button][\/et_pb_column][et_pb_column type=&#8221;1_2&#8243; _builder_version=&#8221;3.25&#8243; custom_padding=&#8221;|||&#8221; custom_padding__hover=&#8221;|||&#8221;][\/et_pb_column][\/et_pb_row][\/et_pb_section][et_pb_section fb_built=&#8221;1&#8243; admin_label=&#8221;schedules section&#8221; _builder_version=&#8221;3.22&#8243; custom_padding=&#8221;100px||100px|&#8221; animation_style=&#8221;zoom&#8221; animation_intensity_zoom=&#8221;10%&#8221;][et_pb_row _builder_version=&#8221;3.25&#8243; custom_padding=&#8221;10px|0px|10px|0px&#8221; border_color_all=&#8221;#4646c4&#8243; border_width_bottom=&#8221;3px&#8221;][et_pb_column type=&#8221;4_4&#8243; _builder_version=&#8221;3.25&#8243; custom_padding=&#8221;|||&#8221; custom_padding__hover=&#8221;|||&#8221;][et_pb_text _builder_version=&#8221;4.9.1&#8243; text_font=&#8221;||||||||&#8221; header_font=&#8221;||||||||&#8221; header_2_font=&#8221;|700|||||||&#8221; header_2_line_height=&#8221;1.4em&#8221;]<\/p>\n<h2>D\u00eda 1 &#8211; Conferencias y Panel &#8211; Mi\u00e9rcoles 24 de marzo, 2021<\/h2>\n<p>[\/et_pb_text][\/et_pb_column][\/et_pb_row][et_pb_row column_structure=&#8221;1_4,3_4&#8243; admin_label=&#8221;Timing and speaker&#8221; _builder_version=&#8221;3.25&#8243; custom_padding=&#8221;40px|0px|40px|0px&#8221; border_color_all=&#8221;#e1e3e5&#8243; border_width_top=&#8221;1px&#8221;][et_pb_column type=&#8221;1_4&#8243; _builder_version=&#8221;3.25&#8243; custom_padding=&#8221;|||&#8221; custom_padding__hover=&#8221;|||&#8221;][et_pb_blurb title=&#8221;9:00am \u2013 9:10am&#8221; use_icon=&#8221;on&#8221; font_icon=&#8221;%%92%%&#8221; icon_color=&#8221;#a9aab7&#8243; icon_placement=&#8221;left&#8221; use_icon_font_size=&#8221;on&#8221; icon_font_size=&#8221;24px&#8221; _builder_version=&#8221;4.9.1&#8243; header_font=&#8221;|||on|||||&#8221; header_font_size=&#8221;14px&#8221; header_letter_spacing=&#8221;1px&#8221; header_line_height=&#8221;24px&#8221; body_font=&#8221;||||||||&#8221; custom_margin=&#8221;|||&#8221;][\/et_pb_blurb][\/et_pb_column][et_pb_column type=&#8221;3_4&#8243; _builder_version=&#8221;3.25&#8243; custom_padding=&#8221;|||&#8221; custom_padding__hover=&#8221;|||&#8221;][et_pb_text _builder_version=&#8221;4.9.1&#8243; text_font=&#8221;||||||||&#8221; text_line_height=&#8221;1.8em&#8221; link_font=&#8221;||||||||&#8221; link_text_color=&#8221;#4646c4&#8243; header_font=&#8221;||||||||&#8221; header_3_font=&#8221;Lato|700|||||||&#8221; header_3_text_color=&#8221;#4646c4&#8243; header_3_line_height=&#8221;1.3em&#8221; custom_margin=&#8221;||20px|&#8221;]<\/p>\n<h3>Palabras de bienvenida<\/h3>\n<p>POR JENNIFER SCHELL &#8211; PRESIDENTA DE YLAI ALUMNI BOARD &#8211; FUNDADORA DE TRABAJA MAMA &#8211; VENEZUELA<\/p>\n<p>[\/et_pb_text][et_pb_toggle title=&#8221;Mujer y Madre; Licenciada en Ciencias Pol\u00edticas por la Universidad Fermin Toro&#8221; closed_toggle_background_color=&#8221;#ffffff&#8221; icon_color=&#8221;#4646c4&#8243; _builder_version=&#8221;4.9.1&#8243; title_font=&#8221;||||||||&#8221; title_font_size=&#8221;18px&#8221; title_line_height=&#8221;1.8em&#8221; body_font=&#8221;||||||||&#8221; body_font_size=&#8221;18px&#8221; body_line_height=&#8221;1.8em&#8221; custom_margin=&#8221;|||&#8221; custom_padding=&#8221;0px|0px|0px|0px&#8221; border_width_all=&#8221;0px&#8221;]<\/p>\n<p>Mujer y Madre; Licenciada en Ciencias Pol\u00edticas por la Universidad Ferm\u00edn Toro y especialista en g\u00e9nero y estudios africanos. Jennifer tiene m\u00e1s de 10 a\u00f1os de experiencia laboral nacional (Venezuela) e internacional (Etiop\u00eda, Kenia, India y Estados Unidos), actual presidente de YLAI Alumni Board.<\/p>\n<p>[\/et_pb_toggle][\/et_pb_column][\/et_pb_row][et_pb_row column_structure=&#8221;1_4,3_4&#8243; admin_label=&#8221;Timing and speaker&#8221; _builder_version=&#8221;3.25&#8243; custom_padding=&#8221;40px|0px|40px|0px&#8221; border_color_all=&#8221;#e1e3e5&#8243; border_width_top=&#8221;1px&#8221;][et_pb_column type=&#8221;1_4&#8243; _builder_version=&#8221;3.25&#8243; custom_padding=&#8221;|||&#8221; custom_padding__hover=&#8221;|||&#8221;][et_pb_blurb title=&#8221;9:10am \u2013 9:30am&#8221; use_icon=&#8221;on&#8221; font_icon=&#8221;%%92%%&#8221; icon_color=&#8221;#a9aab7&#8243; icon_placement=&#8221;left&#8221; use_icon_font_size=&#8221;on&#8221; icon_font_size=&#8221;24px&#8221; _builder_version=&#8221;4.9.1&#8243; header_font=&#8221;|||on|||||&#8221; header_font_size=&#8221;14px&#8221; header_letter_spacing=&#8221;1px&#8221; header_line_height=&#8221;24px&#8221; body_font=&#8221;||||||||&#8221; custom_margin=&#8221;|||&#8221;][\/et_pb_blurb][\/et_pb_column][et_pb_column type=&#8221;3_4&#8243; _builder_version=&#8221;3.25&#8243; custom_padding=&#8221;|||&#8221; custom_padding__hover=&#8221;|||&#8221;][et_pb_text _builder_version=&#8221;4.9.1&#8243; text_font=&#8221;||||||||&#8221; text_line_height=&#8221;1.8em&#8221; link_font=&#8221;||||||||&#8221; link_text_color=&#8221;#4646c4&#8243; header_font=&#8221;||||||||&#8221; header_3_font=&#8221;Lato|700|||||||&#8221; header_3_text_color=&#8221;#4646c4&#8243; header_3_line_height=&#8221;1.3em&#8221; custom_margin=&#8221;||20px|&#8221;]<\/p>\n<h3>El valor de tu trabajo: la importancia de las redes y la mentor\u00eda para mujeres<\/h3>\n<p><span>POR KATHRYN ROSE &#8211; FUNDADORA DE WISEHER &#8211; USA<\/span><\/p>\n<p>[\/et_pb_text][et_pb_toggle title=&#8221;Innovadora, emprendedora en serie. Fundadora, CEO y directora de la junta ejecutiva de WiseHer. &#8221; closed_toggle_background_color=&#8221;#ffffff&#8221; icon_color=&#8221;#4646c4&#8243; _builder_version=&#8221;4.9.1&#8243; title_font=&#8221;||||||||&#8221; title_font_size=&#8221;18px&#8221; title_line_height=&#8221;1.8em&#8221; body_font=&#8221;||||||||&#8221; body_font_size=&#8221;18px&#8221; body_line_height=&#8221;1.8em&#8221; custom_margin=&#8221;|||&#8221; custom_padding=&#8221;0px|0px|0px|0px&#8221; border_width_all=&#8221;0px&#8221;]<\/p>\n<p>Kathryn Rose es una innovadora, emprendedora en serie y la directora ejecutiva fundadora de WiseHer, una plataforma de conocimiento global que ayuda a mujeres, due\u00f1os de negocios y profesionales a superar desaf\u00edos \u00fanicos a pedido a trav\u00e9s del acceso 1: 1 a miles de ejecutivos, entrenadores \/ mentores, educaci\u00f3n y recursos. que aceleran el crecimiento empresarial o profesional. Es exl\u00edder de ventas ejecutivas de Wall Street y autora de 9 libros. Ha aparecido en la revista Forbes, Inc., CBS Marketwatch, Fox News y m\u00e1s.<\/p>\n<p>Kathryn es una oradora muy solicitada para los principales eventos de la industria mundial de tecnolog\u00eda: Google, IBM, Dell Technologies y eventos centrados en las mujeres; Women in Tech Summit y Grace Hopper Celebration. Eventos que se centranron en ayudar a profesionales de la tecnolog\u00eda, mujeres y l\u00edderes de peque\u00f1as empresas un mayor nivel de \u00e9xito. Kathryn es profesora de la asociaci\u00f3n l\u00edder de TI COMPTIA y miembro del Executive Council of Advancing Women in Technology y entrenadora de ventas para candidatos a MBA en Harvard Business School.<\/p>\n<p>Kathryn ha creado una excelente red de mujeres en todos los niveles y en muchas industrias para apoyar y promover a las mujeres en sus negocios o carreras.<\/p>\n<p>[\/et_pb_toggle][\/et_pb_column][\/et_pb_row][et_pb_row column_structure=&#8221;1_4,3_4&#8243; admin_label=&#8221;Timing and speaker&#8221; _builder_version=&#8221;3.25&#8243; custom_padding=&#8221;40px|0px|40px|0px&#8221; border_color_all=&#8221;#e1e3e5&#8243; border_width_top=&#8221;1px&#8221;][et_pb_column type=&#8221;1_4&#8243; _builder_version=&#8221;3.25&#8243; custom_padding=&#8221;|||&#8221; custom_padding__hover=&#8221;|||&#8221;][et_pb_blurb title=&#8221;9:30am \u2013 9:45am&#8221; use_icon=&#8221;on&#8221; font_icon=&#8221;%%92%%&#8221; icon_color=&#8221;#a9aab7&#8243; icon_placement=&#8221;left&#8221; use_icon_font_size=&#8221;on&#8221; icon_font_size=&#8221;24px&#8221; _builder_version=&#8221;4.9.1&#8243; header_font=&#8221;|||on|||||&#8221; header_font_size=&#8221;14px&#8221; header_letter_spacing=&#8221;1px&#8221; header_line_height=&#8221;24px&#8221; body_font=&#8221;||||||||&#8221; custom_margin=&#8221;|||&#8221;][\/et_pb_blurb][\/et_pb_column][et_pb_column type=&#8221;3_4&#8243; _builder_version=&#8221;3.25&#8243; custom_padding=&#8221;|||&#8221; custom_padding__hover=&#8221;|||&#8221;][et_pb_text _builder_version=&#8221;4.9.1&#8243; text_font=&#8221;||||||||&#8221; text_line_height=&#8221;1.8em&#8221; link_font=&#8221;||||||||&#8221; link_text_color=&#8221;#4646c4&#8243; header_font=&#8221;||||||||&#8221; header_3_font=&#8221;Lato|700|||||||&#8221; header_3_text_color=&#8221;#4646c4&#8243; header_3_line_height=&#8221;1.3em&#8221; custom_margin=&#8221;||20px|&#8221;]<\/p>\n<h3>Desafiando el sesgo de g\u00e9nero en el emprendimiento<\/h3>\n<p>POR ADRIANA AGUILAR &#8211; FUNDADORA DE PROGRAMA ESCALERA &#8211; MIEMBRO DE YLAI ALUMNI BOARD &#8211; GUATEMALA<\/p>\n<p>[\/et_pb_text][et_pb_toggle title=&#8221;Adriana contribuye a dar forma y construir los sue\u00f1os de las mujeres a trav\u00e9s de la tecnolog\u00eda y la educaci\u00f3n financiera.&#8221; closed_toggle_background_color=&#8221;#ffffff&#8221; icon_color=&#8221;#4646c4&#8243; _builder_version=&#8221;4.9.1&#8243; title_font=&#8221;||||||||&#8221; title_font_size=&#8221;18px&#8221; title_line_height=&#8221;1.8em&#8221; body_font=&#8221;||||||||&#8221; body_font_size=&#8221;18px&#8221; body_line_height=&#8221;1.8em&#8221; custom_margin=&#8221;|||&#8221; custom_padding=&#8221;0px|0px|0px|0px&#8221; border_width_all=&#8221;0px&#8221;]<\/p>\n<p>Adriana Aguilar tiene m\u00e1s de 20 a\u00f1os de experiencia en gesti\u00f3n empresarial, programaci\u00f3n y educaci\u00f3n para adolescentes, adultos y personas con necesidades especiales. Fundadora de Yuxtem en 2015.<\/p>\n<p>Becaria en 2018 de la Iniciativa J\u00f3venes L\u00edderes de las Am\u00e9ricas (YLAI). Miembro actual de YLAI Alumni Board y responsable de su Comit\u00e9 de Mentor\u00eda.<\/p>\n<p>Fund\u00f3 Programa Escalera en 2017, un programa enfocado a aumentar los ingresos de las mujeres, especialmente para aquellas vulnerables a la violencia.<\/p>\n<p>M\u00e1s recientemente, particip\u00f3 como conferencista en eventos de emprendimiento, mujeres y tecnolog\u00eda en Guatemala, Paraguay, Ecuador, Colombia, Honduras, Per\u00fa, Texas (USA) y Malasia. En 2020 se convirti\u00f3 en mentora y miembro de la junta asesora de WiseHer.<\/p>\n<p>[\/et_pb_toggle][\/et_pb_column][\/et_pb_row][et_pb_row column_structure=&#8221;1_4,3_4&#8243; admin_label=&#8221;Timing and speaker&#8221; _builder_version=&#8221;3.25&#8243; custom_padding=&#8221;40px|0px|40px|0px&#8221; border_color_all=&#8221;#e1e3e5&#8243; border_width_top=&#8221;1px&#8221;][et_pb_column type=&#8221;1_4&#8243; _builder_version=&#8221;3.25&#8243; custom_padding=&#8221;|||&#8221; custom_padding__hover=&#8221;|||&#8221;][et_pb_blurb title=&#8221;9:45am \u2013 10:05am&#8221; use_icon=&#8221;on&#8221; font_icon=&#8221;%%92%%&#8221; icon_color=&#8221;#a9aab7&#8243; icon_placement=&#8221;left&#8221; use_icon_font_size=&#8221;on&#8221; icon_font_size=&#8221;24px&#8221; _builder_version=&#8221;4.9.1&#8243; header_font=&#8221;|||on|||||&#8221; header_font_size=&#8221;14px&#8221; header_letter_spacing=&#8221;1px&#8221; header_line_height=&#8221;24px&#8221; body_font=&#8221;||||||||&#8221; custom_margin=&#8221;|||&#8221;][\/et_pb_blurb][\/et_pb_column][et_pb_column type=&#8221;3_4&#8243; _builder_version=&#8221;3.25&#8243; custom_padding=&#8221;|||&#8221; custom_padding__hover=&#8221;|||&#8221;][et_pb_text _builder_version=&#8221;4.9.1&#8243; text_font=&#8221;||||||||&#8221; text_line_height=&#8221;1.8em&#8221; link_font=&#8221;||||||||&#8221; link_text_color=&#8221;#4646c4&#8243; header_font=&#8221;||||||||&#8221; header_3_font=&#8221;Lato|700|||||||&#8221; header_3_text_color=&#8221;#4646c4&#8243; header_3_line_height=&#8221;1.3em&#8221; custom_margin=&#8221;||20px|&#8221;]<\/p>\n<h3>Coraje, amor propio y cambio<\/h3>\n<p>POR <span>ERIN WILLETT &#8211; FUNDADORA DE THE TAP IN TEAM &#8211; CANAD\u00c1<\/span><\/p>\n<p>[\/et_pb_text][et_pb_toggle title=&#8221;Estratega de liderazgo y cultura. Fundadora de The Tap In Team.&#8221; closed_toggle_background_color=&#8221;#ffffff&#8221; icon_color=&#8221;#4646c4&#8243; _builder_version=&#8221;4.9.1&#8243; title_font=&#8221;||||||||&#8221; title_font_size=&#8221;18px&#8221; title_line_height=&#8221;1.8em&#8221; body_font=&#8221;||||||||&#8221; body_font_size=&#8221;18px&#8221; body_line_height=&#8221;1.8em&#8221; custom_margin=&#8221;|||&#8221; custom_padding=&#8221;0px|0px|0px|0px&#8221; border_width_all=&#8221;0px&#8221;]<\/p>\n<p>Erin Willett es estratega de liderazgo y cultura. Fundadora de The Tap In Team con sede en Montreal, Quebec, Canad\u00e1. Erin es hippie, amante de la individualidad y defensora del cambio. Est\u00e1 impulsada por la creencia de que las empresas m\u00e1s estrat\u00e9gicas tienen enfoques conmovedores. Usando su propia metodolog\u00eda de construcci\u00f3n de marca y cultura, ha pasado la \u00faltima d\u00e9cada dando forma a estrategias para una comunicaci\u00f3n aut\u00e9ntica y fuertes conexiones comerciales. Especializada en desarrollo de liderazgo, facilitaci\u00f3n creativa y articulaci\u00f3n de la visi\u00f3n, Erin asesora a empresas en la construcci\u00f3n de culturas magn\u00e9ticas que se inclinan valientemente hacia el cambio.<\/p>\n<p>Erin ha apoyado el desarrollo de liderazgo, marca y cultura en las fases de crecimiento<br \/>o diferentes tama\u00f1os de empresas\u00a0 emergentes de r\u00e1pido crecimiento como Goalcast, organizaciones como Air Canada y Sun Life y l\u00edderes de comercio electr\u00f3nico como Shopify.<\/p>\n<p>[\/et_pb_toggle][\/et_pb_column][\/et_pb_row][et_pb_row column_structure=&#8221;1_4,3_4&#8243; admin_label=&#8221;Timing and speaker&#8221; _builder_version=&#8221;3.25&#8243; custom_padding=&#8221;40px|0px|40px|0px&#8221; border_color_all=&#8221;#e1e3e5&#8243; border_width_top=&#8221;1px&#8221;][et_pb_column type=&#8221;1_4&#8243; _builder_version=&#8221;3.25&#8243; custom_padding=&#8221;|||&#8221; custom_padding__hover=&#8221;|||&#8221;][et_pb_blurb title=&#8221;10:05am \u2013 10:25am&#8221; use_icon=&#8221;on&#8221; font_icon=&#8221;%%92%%&#8221; icon_color=&#8221;#a9aab7&#8243; icon_placement=&#8221;left&#8221; use_icon_font_size=&#8221;on&#8221; icon_font_size=&#8221;24px&#8221; _builder_version=&#8221;4.9.1&#8243; header_font=&#8221;|||on|||||&#8221; header_font_size=&#8221;14px&#8221; header_letter_spacing=&#8221;1px&#8221; header_line_height=&#8221;24px&#8221; body_font=&#8221;||||||||&#8221; custom_margin=&#8221;|||&#8221;][\/et_pb_blurb][\/et_pb_column][et_pb_column type=&#8221;3_4&#8243; _builder_version=&#8221;3.25&#8243; custom_padding=&#8221;|||&#8221; custom_padding__hover=&#8221;|||&#8221;][et_pb_text _builder_version=&#8221;4.9.1&#8243; text_font=&#8221;||||||||&#8221; text_line_height=&#8221;1.8em&#8221; link_font=&#8221;||||||||&#8221; link_text_color=&#8221;#4646c4&#8243; header_font=&#8221;||||||||&#8221; header_3_font=&#8221;Lato|700|||||||&#8221; header_3_text_color=&#8221;#4646c4&#8243; header_3_line_height=&#8221;1.3em&#8221; custom_margin=&#8221;||20px|&#8221;]<\/p>\n<h3>Las reglas no escritas<\/h3>\n<p>POR MIRA VASIC &#8211; SOCIA Y CO-PROPIETARIA DE IN TOUCH &#8211; PA\u00cdSES BAJOS<\/p>\n<p>[\/et_pb_text][et_pb_toggle title=&#8221;Dr. ing. Mira Vasic es socia y copropietaria de %22In Touch Female Leadership &#038; Career Academy%22 y profesora en los programas de MBA de la Escuela de Negocios del Polit\u00e9cnico de Milano.&#8221; closed_toggle_background_color=&#8221;#ffffff&#8221; icon_color=&#8221;#4646c4&#8243; _builder_version=&#8221;4.9.1&#8243; title_font=&#8221;||||||||&#8221; title_font_size=&#8221;18px&#8221; title_line_height=&#8221;1.8em&#8221; body_font=&#8221;||||||||&#8221; body_font_size=&#8221;18px&#8221; body_line_height=&#8221;1.8em&#8221; custom_margin=&#8221;|||&#8221; custom_padding=&#8221;0px|0px|0px|0px&#8221; border_width_all=&#8221;0px&#8221;]<\/p>\n<p>Dr. ing. Mira Vasic es socia y copropietaria de &#8220;In Touch Female Leadership &amp; Career Academy&#8221; y profesora en los programas de MBA de la Escuela de Negocios del Polit\u00e9cnico de Milano. Es experta en temas de liderazgo femenino y diversidad de g\u00e9nero, as\u00ed como asesora de carrera para personas de pa\u00edses de todo el mundo. En los \u00faltimos diez a\u00f1os, ha trabajado como investigadora y consultora para los sectores comercial y gubernamental en Serbia, Espa\u00f1a, Grecia, Italia y los Pa\u00edses Bajos. Mira tiene una tremenda pasi\u00f3n por el desarrollo del liderazgo y el empoderamiento de las mujeres. Tambi\u00e9n tiene un doctorado en Ingenier\u00eda Estructural del Polit\u00e9cnico de Milano (2015) y habla 4 idiomas con fluidez. Mira es una oradora internacional muy solicitada. Su valor es su enfoque entusiasta y su gran sentido del humor.<\/p>\n<p>[\/et_pb_toggle][\/et_pb_column][\/et_pb_row][et_pb_row column_structure=&#8221;1_4,3_4&#8243; admin_label=&#8221;Timing and speaker&#8221; _builder_version=&#8221;3.25&#8243; custom_padding=&#8221;40px|0px|40px|0px&#8221; border_color_all=&#8221;#e1e3e5&#8243; border_width_top=&#8221;1px&#8221;][et_pb_column type=&#8221;1_4&#8243; _builder_version=&#8221;3.25&#8243; custom_padding=&#8221;|||&#8221; custom_padding__hover=&#8221;|||&#8221;][et_pb_blurb title=&#8221;10:25am \u2013 10:45am&#8221; use_icon=&#8221;on&#8221; font_icon=&#8221;%%92%%&#8221; icon_color=&#8221;#a9aab7&#8243; icon_placement=&#8221;left&#8221; use_icon_font_size=&#8221;on&#8221; icon_font_size=&#8221;24px&#8221; _builder_version=&#8221;4.9.1&#8243; header_font=&#8221;|||on|||||&#8221; header_font_size=&#8221;14px&#8221; header_letter_spacing=&#8221;1px&#8221; header_line_height=&#8221;24px&#8221; body_font=&#8221;||||||||&#8221; custom_margin=&#8221;|||&#8221;][\/et_pb_blurb][\/et_pb_column][et_pb_column type=&#8221;3_4&#8243; _builder_version=&#8221;3.25&#8243; custom_padding=&#8221;|||&#8221; custom_padding__hover=&#8221;|||&#8221;][et_pb_text _builder_version=&#8221;4.9.1&#8243; text_font=&#8221;||||||||&#8221; text_line_height=&#8221;1.8em&#8221; link_font=&#8221;||||||||&#8221; link_text_color=&#8221;#4646c4&#8243; header_font=&#8221;||||||||&#8221; header_3_font=&#8221;Lato|700|||||||&#8221; header_3_text_color=&#8221;#4646c4&#8243; header_3_line_height=&#8221;1.3em&#8221; custom_margin=&#8221;||20px|&#8221;]<\/p>\n<h3>Redes, juntas podemos hacer m\u00e1s<\/h3>\n<p>POR <span>RICARDO VALENCIA NAVARRO &#8211; FUNDADOR DE ADDEREXMX &#8211; YLAI FELLOW 2018<\/span><\/p>\n<p>[\/et_pb_text][\/et_pb_column][\/et_pb_row][et_pb_row column_structure=&#8221;1_4,3_4&#8243; admin_label=&#8221;Timing and speaker&#8221; _builder_version=&#8221;3.25&#8243; custom_padding=&#8221;40px|0px|40px|0px&#8221; border_color_all=&#8221;#e1e3e5&#8243; border_width_top=&#8221;1px&#8221;][et_pb_column type=&#8221;1_4&#8243; _builder_version=&#8221;3.25&#8243; custom_padding=&#8221;|||&#8221; custom_padding__hover=&#8221;|||&#8221;][et_pb_blurb title=&#8221;10:45am \u2013  10:55am&#8221; use_icon=&#8221;on&#8221; font_icon=&#8221;%%92%%&#8221; icon_color=&#8221;#a9aab7&#8243; icon_placement=&#8221;left&#8221; use_icon_font_size=&#8221;on&#8221; icon_font_size=&#8221;24px&#8221; _builder_version=&#8221;4.9.1&#8243; header_font=&#8221;|||on|||||&#8221; header_font_size=&#8221;14px&#8221; header_letter_spacing=&#8221;1px&#8221; header_line_height=&#8221;24px&#8221; body_font=&#8221;||||||||&#8221; custom_margin=&#8221;|||&#8221;][\/et_pb_blurb][\/et_pb_column][et_pb_column type=&#8221;3_4&#8243; _builder_version=&#8221;3.25&#8243; custom_padding=&#8221;|||&#8221; custom_padding__hover=&#8221;|||&#8221;][et_pb_text _builder_version=&#8221;4.9.1&#8243; text_font=&#8221;||||||||&#8221; text_line_height=&#8221;1.8em&#8221; link_font=&#8221;||||||||&#8221; link_text_color=&#8221;#4646c4&#8243; header_font=&#8221;||||||||&#8221; header_3_font=&#8221;Lato|700|||||||&#8221; header_3_text_color=&#8221;#4646c4&#8243; header_3_line_height=&#8221;1.3em&#8221; custom_margin=&#8221;||20px|&#8221;]<\/p>\n<h3>Closing statements<\/h3>\n<p>FUNDADORA Y CEO DE THE LONCKE GROUP\u00a0 &#8211; MIEMBRO DE YLAI ALUMNI BOARD<\/p>\n<p>[\/et_pb_text][et_pb_toggle title=&#8221;Abbigale, viaja constantemente por Am\u00e9rica del Norte y Europa, promoviendo el emprendimiento y el crecimiento econ\u00f3mico en el Caribe y Am\u00e9rica del Sur.&#8221; closed_toggle_background_color=&#8221;#ffffff&#8221; icon_color=&#8221;#4646c4&#8243; _builder_version=&#8221;4.9.1&#8243; title_font=&#8221;||||||||&#8221; title_font_size=&#8221;18px&#8221; title_line_height=&#8221;1.8em&#8221; body_font=&#8221;||||||||&#8221; body_font_size=&#8221;18px&#8221; body_line_height=&#8221;1.8em&#8221; custom_margin=&#8221;|||&#8221; custom_padding=&#8221;0px|0px|0px|0px&#8221; border_width_all=&#8221;0px&#8221;]<\/p>\n<p>Con sede en Georgetown, Guyana, Abbigale es una l\u00edder empresarial ampliamente conocida y celebrada en el pa\u00eds. Es la fundadora y directora ejecutiva de Loncke Group, un consorcio que consta de tres empresas. Su empresa de m\u00e1s r\u00e1pido crecimiento es MBW Energy Support Services, una asesor\u00eda integral de servicios de petr\u00f3leo y gas que asesora a empresas que ingresan al mercado energ\u00e9tico de Guyana. En 2017, lanz\u00f3 WeLead Caribbean, una organizaci\u00f3n sin fines de lucro dedicada al avance econ\u00f3mico y social de las mujeres guyanesas. A trav\u00e9s de su asociaci\u00f3n con ExxonMobil, Nico Consulting Group y la Embajada de EE. UU. En Georgetown, WeLead ha capacitado a m\u00e1s de 300 mujeres guyanesas y ha organizado cinco conferencias regionales de mujeres emprendedoras y empoderamiento.<\/p>\n<p>En 2016, Abbigale fue reconocida por el presidente de los Estados Unidos en ese entonces, Barack Obama, por su liderazgo ejemplar en la comunidad empresarial de Guyana y por brindar oportunidades de empleo a madres solteras y mujeres j\u00f3venes. Es miembro de la Junta Directiva de Mujeres en Petr\u00f3leo y Gas de Guyana y de la Iniciativa J\u00f3venes L\u00edderes de las Am\u00e9ricas. Tambi\u00e9n es Miembro Ejecutivo de la C\u00e1mara de Comercio e Industria de Esequibo en Guyana.<\/p>\n<p>Abbigale viaja constantemente por Am\u00e9rica del Norte y Europa, promoviendo el emprendimiento y el crecimiento econ\u00f3mico en el Caribe y Am\u00e9rica del Sur. Tiene t\u00edtulos de la London School of International Business y Open University.<\/p>\n<p>[\/et_pb_toggle][\/et_pb_column][\/et_pb_row][et_pb_row column_structure=&#8221;1_4,3_4&#8243; admin_label=&#8221;Timing and speaker&#8221; _builder_version=&#8221;3.25&#8243; custom_padding=&#8221;40px|0px|40px|0px&#8221; border_color_all=&#8221;#e1e3e5&#8243; border_width_top=&#8221;1px&#8221;][et_pb_column type=&#8221;1_4&#8243; _builder_version=&#8221;3.25&#8243; custom_padding=&#8221;|||&#8221; custom_padding__hover=&#8221;|||&#8221;][et_pb_blurb title=&#8221;10:55am \u2013 11:05am&#8221; use_icon=&#8221;on&#8221; font_icon=&#8221;%%92%%&#8221; icon_color=&#8221;#a9aab7&#8243; icon_placement=&#8221;left&#8221; use_icon_font_size=&#8221;on&#8221; icon_font_size=&#8221;24px&#8221; _builder_version=&#8221;4.9.1&#8243; header_font=&#8221;|||on|||||&#8221; header_font_size=&#8221;14px&#8221; header_letter_spacing=&#8221;1px&#8221; header_line_height=&#8221;24px&#8221; body_font=&#8221;||||||||&#8221; custom_margin=&#8221;|||&#8221;][\/et_pb_blurb][\/et_pb_column][et_pb_column type=&#8221;3_4&#8243; _builder_version=&#8221;3.25&#8243; custom_padding=&#8221;|||&#8221; custom_padding__hover=&#8221;|||&#8221;][et_pb_text _builder_version=&#8221;4.9.1&#8243; text_font=&#8221;||||||||&#8221; text_line_height=&#8221;1.8em&#8221; link_font=&#8221;||||||||&#8221; link_text_color=&#8221;#4646c4&#8243; header_font=&#8221;||||||||&#8221; header_3_font=&#8221;Lato|700|||||||&#8221; header_3_text_color=&#8221;#4646c4&#8243; header_3_line_height=&#8221;1.3em&#8221; custom_margin=&#8221;||20px|&#8221;]<\/p>\n<h3>Descanso (10 min.)<\/h3>\n<p>[\/et_pb_text][\/et_pb_column][\/et_pb_row][et_pb_row column_structure=&#8221;1_4,3_4&#8243; admin_label=&#8221;Timing and speaker&#8221; _builder_version=&#8221;3.25&#8243; custom_padding=&#8221;40px|0px|40px|0px&#8221; border_color_all=&#8221;#e1e3e5&#8243; border_width_top=&#8221;1px&#8221;][et_pb_column type=&#8221;1_4&#8243; _builder_version=&#8221;3.25&#8243; custom_padding=&#8221;|||&#8221; custom_padding__hover=&#8221;|||&#8221;][et_pb_blurb title=&#8221;11:05am \u2013 12:00pm&#8221; use_icon=&#8221;on&#8221; font_icon=&#8221;%%92%%&#8221; icon_color=&#8221;#a9aab7&#8243; icon_placement=&#8221;left&#8221; use_icon_font_size=&#8221;on&#8221; icon_font_size=&#8221;24px&#8221; _builder_version=&#8221;4.9.1&#8243; header_font=&#8221;|||on|||||&#8221; header_font_size=&#8221;14px&#8221; header_letter_spacing=&#8221;1px&#8221; header_line_height=&#8221;24px&#8221; body_font=&#8221;||||||||&#8221; custom_margin=&#8221;|||&#8221;][\/et_pb_blurb][\/et_pb_column][et_pb_column type=&#8221;3_4&#8243; _builder_version=&#8221;3.25&#8243; custom_padding=&#8221;|||&#8221; custom_padding__hover=&#8221;|||&#8221;][et_pb_text _builder_version=&#8221;4.9.1&#8243; text_font=&#8221;||||||||&#8221; text_line_height=&#8221;1.8em&#8221; link_font=&#8221;||||||||&#8221; link_text_color=&#8221;#4646c4&#8243; header_font=&#8221;||||||||&#8221; header_3_font=&#8221;Lato|700|||||||&#8221; header_3_text_color=&#8221;#4646c4&#8243; header_3_line_height=&#8221;1.3em&#8221; custom_margin=&#8221;||20px|&#8221;]<\/p>\n<h3>Panel: Emprendimientos de mujeres en Latinoam\u00e9rica y el Caribe<\/h3>\n<p><span>MODERADO POR ODILE CORTES &#8211; FUNDADORA DE INTEGRARSE &#8211; YLAI FELLOW 2018 &#8211; M\u00c9XICO <\/span><\/p>\n<p>[\/et_pb_text][et_pb_toggle title=&#8221;COO y cofundadora de IntegraRSE, una empresa consultora de responsabilidad social. Polit\u00f3loga internacionalista y licenciada en responsabilidad social.&#8221; closed_toggle_background_color=&#8221;#ffffff&#8221; icon_color=&#8221;#4646c4&#8243; _builder_version=&#8221;4.9.1&#8243; title_font=&#8221;||||||||&#8221; title_font_size=&#8221;18px&#8221; title_line_height=&#8221;1.8em&#8221; body_font=&#8221;||||||||&#8221; body_font_size=&#8221;18px&#8221; body_line_height=&#8221;1.8em&#8221; custom_margin=&#8221;|||&#8221; custom_padding=&#8221;0px|0px|0px|0px&#8221; border_width_all=&#8221;0px&#8221;]<\/p>\n<p>Alicia Odile Cort\u00e9s Abascal es directora de operaciones en IntegraRSE, consultor\u00eda en responsabilidad social y consultora acreditada del Cemefi. Es polit\u00f3loga internacionalista por el CIDE (Centro de Investigaci\u00f3n y Docencia Econ\u00f3micas) con un posgrado en responsabilidad social.<\/p>\n<p>Su prop\u00f3sito es crear relaciones que generen impacto positivo: conectar a quien tiene con quien necesita, a quien sabe con quien quiere aprender y a quien puede con el que no puede para generar relaciones ganar-ganar. Est\u00e1 convencida que el desarrollo social se har\u00e1 desde entes privados y por eso se compromete a apoyar a que las empresas tradicionales se conviertan en empresas sociales a trav\u00e9s de la responsabilidad social.<\/p>\n<p>Es Mentora del ClimateReality Project en M\u00e9xico, del Pacto Mundial en el programa de J\u00f3venes Innovadores y Fellow del Young Leaders of AmericaInitiative del Departamento de Estado de Estados Unidos. Tiene experiencia en el desarrollo de proyectos productivos y generaci\u00f3n de estrategias corporativas sustentables. Cre\u00f3 Dando y Dando en 2019, proyecto en el que vende productos con causa para ayudar a asociaciones civiles con sus ganancias.<\/p>\n<p>Constantemente colabora en medios como Newsweek en Espa\u00f1ol, CNN M\u00e9xico,Forbes y Animal Pol\u00edtico con columnas de opini\u00f3n alrededor de temas sustentables y sociales.Cree en un futuro sostenible y por eso es profesora de responsabilidad e innovaci\u00f3n social en el Tecnol\u00f3gico de Monterrey.<\/p>\n<p>[\/et_pb_toggle][et_pb_toggle title=&#8221;Panelistas&#8221; closed_toggle_background_color=&#8221;#ffffff&#8221; icon_color=&#8221;#4646c4&#8243; _builder_version=&#8221;4.9.1&#8243; title_font=&#8221;||||||||&#8221; title_font_size=&#8221;18px&#8221; title_line_height=&#8221;1.8em&#8221; body_font=&#8221;||||||||&#8221; body_font_size=&#8221;18px&#8221; body_line_height=&#8221;1.8em&#8221; custom_margin=&#8221;|||&#8221; custom_padding=&#8221;0px|0px|0px|0px&#8221; border_width_all=&#8221;0px&#8221;]<\/p>\n<ul>\n<li>Andrea Mazariegos &#8211; Start Up Guatemala<\/li>\n<li>Cecile Ney &#8211; Agora Partnerships<\/li>\n<li>Tamara Isch &#8211; Emprendedora en tecnolog\u00eda<\/li>\n<li>Daniela Ancira &#8211; Emprendedora social<\/li>\n<li>Jackeline Salas &#8211; Emprendedora en productos naturales<\/li>\n<li>Evie Gurchuran &#8211; Emprendedora en serie<\/li>\n<li>Ester Athan\u00e1sio &#8211; Emprendedora en comunicaci\u00f3n<\/li>\n<\/ul>\n<p>[\/et_pb_toggle][\/et_pb_column][\/et_pb_row][\/et_pb_section][et_pb_section fb_built=&#8221;1&#8243; admin_label=&#8221;schedules section&#8221; _builder_version=&#8221;3.22&#8243; custom_padding=&#8221;100px||100px|&#8221; animation_style=&#8221;zoom&#8221; animation_intensity_zoom=&#8221;10%&#8221;][et_pb_row _builder_version=&#8221;3.25&#8243; custom_padding=&#8221;10px|0px|10px|0px&#8221; border_color_all=&#8221;#4646c4&#8243; border_width_bottom=&#8221;3px&#8221; locked=&#8221;off&#8221;][et_pb_column type=&#8221;4_4&#8243; _builder_version=&#8221;3.25&#8243; custom_padding=&#8221;|||&#8221; custom_padding__hover=&#8221;|||&#8221;][et_pb_text _builder_version=&#8221;3.27.4&#8243; text_font=&#8221;||||||||&#8221; text_text_color=&#8221;#21212a&#8221; header_font=&#8221;||||||||&#8221; header_2_font=&#8221;|700|||||||&#8221; header_2_line_height=&#8221;1.4em&#8221;]<\/p>\n<h2>Day 2 &#8211; Workshops &#8211; Thursday March, 25\u00a0<\/h2>\n<p>[\/et_pb_text][\/et_pb_column][\/et_pb_row][et_pb_row column_structure=&#8221;1_4,3_4&#8243; admin_label=&#8221;Timing and speaker&#8221; _builder_version=&#8221;3.25&#8243; custom_padding=&#8221;40px|0px|40px|0px&#8221; border_color_all=&#8221;#e1e3e5&#8243; border_width_top=&#8221;1px&#8221;][et_pb_column type=&#8221;1_4&#8243; _builder_version=&#8221;3.25&#8243; custom_padding=&#8221;|||&#8221; custom_padding__hover=&#8221;|||&#8221;][et_pb_blurb title=&#8221;8:00am \u2013 9:00am&#8221; use_icon=&#8221;on&#8221; font_icon=&#8221;%%92%%&#8221; icon_color=&#8221;#a9aab7&#8243; icon_placement=&#8221;left&#8221; use_icon_font_size=&#8221;on&#8221; icon_font_size=&#8221;24px&#8221; _builder_version=&#8221;4.9.1&#8243; header_font=&#8221;|||on|||||&#8221; header_font_size=&#8221;14px&#8221; header_letter_spacing=&#8221;1px&#8221; header_line_height=&#8221;24px&#8221; body_font=&#8221;||||||||&#8221; custom_margin=&#8221;|||&#8221;][\/et_pb_blurb][\/et_pb_column][et_pb_column type=&#8221;3_4&#8243; _builder_version=&#8221;3.25&#8243; custom_padding=&#8221;|||&#8221; custom_padding__hover=&#8221;|||&#8221;][et_pb_text _builder_version=&#8221;4.9.1&#8243; text_font=&#8221;||||||||&#8221; text_line_height=&#8221;1.8em&#8221; link_font=&#8221;||||||||&#8221; link_text_color=&#8221;#4646c4&#8243; header_font=&#8221;||||||||&#8221; header_3_font=&#8221;Lato|700|||||||&#8221; header_3_text_color=&#8221;#4646c4&#8243; header_3_line_height=&#8221;1.3em&#8221; custom_margin=&#8221;||20px|&#8221;]<\/p>\n<h3>50 Formas de combatir el sesgo (Portugu\u00e9s)<\/h3>\n<p>POR MONIQUE LEMOS &#8211; FUNDADORA DE MONIQUE LEMOS CONSULTOR\u00cdA &#8211; BRASIL<\/p>\n<p>[\/et_pb_text][et_pb_toggle title=&#8221;Estratega de negocios, licenciada en administraci\u00f3n y derecho.&#8221; closed_toggle_background_color=&#8221;#ffffff&#8221; icon_color=&#8221;#4646c4&#8243; _builder_version=&#8221;4.9.1&#8243; title_font=&#8221;||||||||&#8221; title_font_size=&#8221;18px&#8221; title_line_height=&#8221;1.8em&#8221; body_font=&#8221;||||||||&#8221; body_font_size=&#8221;18px&#8221; body_line_height=&#8221;1.8em&#8221; custom_margin=&#8221;|||&#8221; custom_padding=&#8221;0px|0px|0px|0px&#8221; hover_enabled=&#8221;0&#8243; border_width_all=&#8221;0px&#8221; sticky_enabled=&#8221;0&#8243;]<\/p>\n<p>Estratega de negocios, licenciada en administraci\u00f3n y derecho, ha trabajado como consultora de nuevos negocios e innovaci\u00f3n en los \u00faltimos a\u00f1os en Consultores Associados y SER, consultor\u00eda de impacto y YLAI Alumni. Debido a su experiencia en el mundo empresarial, enfrent\u00f3 desde el principio situaciones machistas, lo que lo llev\u00f3 a abordar temas feministas desde 2016, a trav\u00e9s de conferencias, talleres y participaci\u00f3n en grupos, c\u00edrculos de conversaci\u00f3n y proyectos relacionados con el tema como @motoradesign y @mulhersouta.<\/p>\n<p>[\/et_pb_toggle][et_pb_text _builder_version=&#8221;4.9.1&#8243; text_font=&#8221;||||||||&#8221; text_font_size=&#8221;17px&#8221; text_line_height=&#8221;1.8em&#8221; link_font=&#8221;||||||||&#8221; link_text_color=&#8221;#4646c4&#8243; header_font=&#8221;||||||||&#8221; header_3_font=&#8221;Lato|700|||||||&#8221; header_3_text_color=&#8221;#4646c4&#8243; header_3_line_height=&#8221;1.3em&#8221; custom_margin=&#8221;||20px|&#8221;]<\/p>\n<p>Programa para capacitar a las personas para que identifiquen y desaf\u00eden los prejuicios de frente.<\/p>\n<p><strong>Metas<\/strong><\/p>\n<ol>\n<li>Descubra c\u00f3mo se manifiesta el sesgo en situaciones habituales en el lugar de trabajo, incluida la contrataci\u00f3n y las promociones, la din\u00e1mica de las reuniones y las interacciones del d\u00eda a d\u00eda.<\/li>\n<li>Lea sobre ejemplos de sesgos, comparta experiencias y discuta recomendaciones respaldadas por investigaciones sobre qu\u00e9 hacer<\/li>\n<li>Comprom\u00e9tase con una acci\u00f3n para luchar contra el sesgo de g\u00e9nero. \u00bfQu\u00e9 sesgo elige desafiar con el hastag #YoElijoDesafiar este a\u00f1o?<\/li>\n<\/ol>\n<p>[\/et_pb_text][\/et_pb_column][\/et_pb_row][et_pb_row column_structure=&#8221;1_4,3_4&#8243; admin_label=&#8221;Timing and speaker&#8221; _builder_version=&#8221;3.25&#8243; custom_padding=&#8221;40px|0px|40px|0px&#8221; border_color_all=&#8221;#e1e3e5&#8243; border_width_top=&#8221;1px&#8221;][et_pb_column type=&#8221;1_4&#8243; _builder_version=&#8221;3.25&#8243; custom_padding=&#8221;|||&#8221; custom_padding__hover=&#8221;|||&#8221;][et_pb_blurb title=&#8221;9:00am \u2013 10:00am&#8221; use_icon=&#8221;on&#8221; font_icon=&#8221;%%92%%&#8221; icon_color=&#8221;#a9aab7&#8243; icon_placement=&#8221;left&#8221; use_icon_font_size=&#8221;on&#8221; icon_font_size=&#8221;24px&#8221; _builder_version=&#8221;4.9.1&#8243; header_font=&#8221;|||on|||||&#8221; header_font_size=&#8221;14px&#8221; header_letter_spacing=&#8221;1px&#8221; header_line_height=&#8221;24px&#8221; body_font=&#8221;||||||||&#8221; custom_margin=&#8221;|||&#8221;][\/et_pb_blurb][\/et_pb_column][et_pb_column type=&#8221;3_4&#8243; _builder_version=&#8221;3.25&#8243; custom_padding=&#8221;|||&#8221; custom_padding__hover=&#8221;|||&#8221;][et_pb_text _builder_version=&#8221;4.9.1&#8243; text_font=&#8221;||||||||&#8221; text_line_height=&#8221;1.8em&#8221; link_font=&#8221;||||||||&#8221; link_text_color=&#8221;#4646c4&#8243; header_font=&#8221;||||||||&#8221; header_3_font=&#8221;Lato|700|||||||&#8221; header_3_text_color=&#8221;#4646c4&#8243; header_3_line_height=&#8221;1.3em&#8221; custom_margin=&#8221;||20px|&#8221;]<\/p>\n<h3>#IamRemarkable (\u00a1Soy extraordinaria)<\/h3>\n<p>COFUNDADORA Y CEO DE BAUBO &#8211; COFUNDADORA Y PRESIDENTA DE LEAN IN PA\u00cdSES BAJOS &#8211; COLOMBIA<\/p>\n<p>[\/et_pb_text][et_pb_toggle title=&#8221;Colombiana de nacimiento, holandesa por coincidencia, ciudadana del mundo.&#8221; closed_toggle_background_color=&#8221;#ffffff&#8221; icon_color=&#8221;#4646c4&#8243; _builder_version=&#8221;4.9.1&#8243; title_font=&#8221;||||||||&#8221; title_font_size=&#8221;18px&#8221; title_line_height=&#8221;1.8em&#8221; body_font=&#8221;||||||||&#8221; body_font_size=&#8221;18px&#8221; body_line_height=&#8221;1.8em&#8221; custom_margin=&#8221;|||&#8221; custom_padding=&#8221;0px|0px|0px|0px&#8221; border_width_all=&#8221;0px&#8221;]<\/p>\n<p>Conoce a Melissa Romero colombiana de nacimiento, holandesa por casualidad, ciudadana del mundo. A los 17 a\u00f1os, la familia de Melissa fue expulsada de Colombia, lo que le ense\u00f1\u00f3 el significado de asumir la responsabilidad de su propio destino: luego de graduarse como Ingeniera Industrial a los 20 a\u00f1os, se embarc\u00f3 en una aventura que la llev\u00f3 a vivir en 7 Pa\u00edses, aprendiendo 5 idiomas con fluidez en el camino. Melissa tiene m\u00e1s de 10 a\u00f1os de experiencia en Procter &amp; Gamble, construyendo marcas de miles de millones de d\u00f3lares y liderando empresas y equipos complejos. Trabaj\u00f3 en la mayor\u00eda de las categor\u00edas, inclu\u00cdda la de liderar el negocio de Gillette de 250 millones de euros para los 7 principales mercados mundiales: Francia \/ Benelux. Tambi\u00e9n es la fundadora de Lean In Netherlands, que aboga por una sociedad m\u00e1s igualitaria. Desde que dej\u00f3 P&amp;G, Melissa est\u00e1 combinando su prop\u00f3sito de ayudar a mejorar la vida de las mujeres y sus habilidades, al cofundar la startup de Femtech Baubo, que tiene como objetivo empoderar a las mujeres a trav\u00e9s de la transici\u00f3n menop\u00e1usica. Melissa, construye su empresa mientras est\u00e1 orgullosamente embarazada de gemelas.<\/p>\n<p>[\/et_pb_toggle][et_pb_text _builder_version=&#8221;4.9.1&#8243; text_font=&#8221;||||||||&#8221; text_font_size=&#8221;17px&#8221; text_line_height=&#8221;1.8em&#8221; link_font=&#8221;||||||||&#8221; link_text_color=&#8221;#4646c4&#8243; header_font=&#8221;||||||||&#8221; header_3_font=&#8221;Lato|700|||||||&#8221; header_3_text_color=&#8221;#4646c4&#8243; header_3_line_height=&#8221;1.3em&#8221; custom_margin=&#8221;||20px|&#8221;]<\/p>\n<p>#IamRemarkable es una iniciativa de Google que empodera a las mujeres y otros grupos subrepresentados para celebrar sus logros en el lugar de trabajo y m\u00e1s all\u00e1.<\/p>\n<p><strong>Metas<\/strong><\/p>\n<ol>\n<li>Mejorar la motivaci\u00f3n y las habilidades de autopromoci\u00f3n de las mujeres y los grupos subrepresentados.<\/li>\n<li>Desaf\u00eda la percepci\u00f3n social en torno a la autopromoci\u00f3n.<\/li>\n<\/ol>\n<p>[\/et_pb_text][\/et_pb_column][\/et_pb_row][et_pb_row column_structure=&#8221;1_4,3_4&#8243; admin_label=&#8221;Timing and speaker&#8221; _builder_version=&#8221;3.25&#8243; custom_padding=&#8221;40px|0px|40px|0px&#8221; border_color_all=&#8221;#e1e3e5&#8243; border_width_top=&#8221;1px&#8221;][et_pb_column type=&#8221;1_4&#8243; _builder_version=&#8221;3.25&#8243; custom_padding=&#8221;|||&#8221; custom_padding__hover=&#8221;|||&#8221;][et_pb_blurb title=&#8221;10:00am \u2013 11:00am&#8221; use_icon=&#8221;on&#8221; font_icon=&#8221;%%92%%&#8221; icon_color=&#8221;#a9aab7&#8243; icon_placement=&#8221;left&#8221; use_icon_font_size=&#8221;on&#8221; icon_font_size=&#8221;24px&#8221; _builder_version=&#8221;4.9.1&#8243; header_font=&#8221;|||on|||||&#8221; header_font_size=&#8221;14px&#8221; header_letter_spacing=&#8221;1px&#8221; header_line_height=&#8221;24px&#8221; body_font=&#8221;||||||||&#8221; custom_margin=&#8221;|||&#8221;][\/et_pb_blurb][\/et_pb_column][et_pb_column type=&#8221;3_4&#8243; _builder_version=&#8221;3.25&#8243; custom_padding=&#8221;|||&#8221; custom_padding__hover=&#8221;|||&#8221;][et_pb_text _builder_version=&#8221;4.9.1&#8243; text_font=&#8221;||||||||&#8221; text_line_height=&#8221;1.8em&#8221; link_font=&#8221;||||||||&#8221; link_text_color=&#8221;#4646c4&#8243; header_font=&#8221;||||||||&#8221; header_3_font=&#8221;Lato|700|||||||&#8221; header_3_text_color=&#8221;#4646c4&#8243; header_3_line_height=&#8221;1.3em&#8221; custom_margin=&#8221;||20px|&#8221;]<\/p>\n<h3>50 Formas de combatir el sesgo (Espa\u00f1ol)<\/h3>\n<p>POR SANDRA M\u00c9NDEZ SANTANA &#8211; FUNDADORA PROFESIONALES AQU\u00cd &#8211; VENEZUELA<\/p>\n<p>[\/et_pb_text][et_pb_toggle title=&#8221;Licda en Relaciones Industriales UCAB (Caracas), Diplomado en Psicolog\u00eda aplicada a la Gerencia y la Comunicaci\u00f3n (CEATE &#8211; UC).&#8221; closed_toggle_background_color=&#8221;#ffffff&#8221; icon_color=&#8221;#4646c4&#8243; _builder_version=&#8221;4.9.1&#8243; title_font=&#8221;||||||||&#8221; title_font_size=&#8221;18px&#8221; title_line_height=&#8221;1.8em&#8221; body_font=&#8221;||||||||&#8221; body_font_size=&#8221;18px&#8221; body_line_height=&#8221;1.8em&#8221; custom_margin=&#8221;|||&#8221; custom_padding=&#8221;0px|0px|0px|0px&#8221; hover_enabled=&#8221;0&#8243; border_width_all=&#8221;0px&#8221; sticky_enabled=&#8221;0&#8243;]<\/p>\n<p><span>Licda en Relaciones Industriales UCAB (Caracas), Diplomado en Psicolog\u00eda aplicada a la Gerencia y la Comunicaci\u00f3n (CEATE &#8211; UC). Experiencia docente con ni\u00f1os y adultos en idiomas y \u00e1reas de gesti\u00f3n humana. Fundadora de Serfolg Consultores y ProfesionalesAQUI.com.<\/span><\/p>\n<p>[\/et_pb_toggle][et_pb_text _builder_version=&#8221;4.9.1&#8243; text_font=&#8221;||||||||&#8221; text_font_size=&#8221;17px&#8221; text_line_height=&#8221;1.8em&#8221; link_font=&#8221;||||||||&#8221; link_text_color=&#8221;#4646c4&#8243; header_font=&#8221;||||||||&#8221; header_3_font=&#8221;Lato|700|||||||&#8221; header_3_text_color=&#8221;#4646c4&#8243; header_3_line_height=&#8221;1.3em&#8221; custom_margin=&#8221;||20px|&#8221;]<\/p>\n<p>Programa para capacitar a las personas para que identifiquen y desaf\u00eden los prejuicios de frente.<\/p>\n<p><strong>Metas<\/strong><\/p>\n<ol>\n<li>Descubra c\u00f3mo se manifiesta el sesgo en situaciones habituales en el lugar de trabajo, incluida la contrataci\u00f3n y las promociones, la din\u00e1mica de las reuniones y las interacciones del d\u00eda a d\u00eda.<\/li>\n<li>Lea sobre ejemplos de sesgos, comparta experiencias y discuta recomendaciones respaldadas por investigaciones sobre qu\u00e9 hacer<\/li>\n<li>Comprom\u00e9tase con una acci\u00f3n para luchar contra el sesgo de g\u00e9nero. \u00bfQu\u00e9 sesgo elige desafiar con el hastag #YoElijoDesafiar este a\u00f1o?<\/li>\n<\/ol>\n<p>[\/et_pb_text][\/et_pb_column][\/et_pb_row][et_pb_row column_structure=&#8221;1_4,3_4&#8243; admin_label=&#8221;Timing and speaker&#8221; _builder_version=&#8221;3.25&#8243; custom_padding=&#8221;40px|0px|40px|0px&#8221; border_color_all=&#8221;#e1e3e5&#8243; border_width_top=&#8221;1px&#8221;][et_pb_column type=&#8221;1_4&#8243; _builder_version=&#8221;3.25&#8243; custom_padding=&#8221;|||&#8221; custom_padding__hover=&#8221;|||&#8221;][et_pb_blurb title=&#8221;10:00am \u2013 11:00am&#8221; use_icon=&#8221;on&#8221; font_icon=&#8221;%%92%%&#8221; icon_color=&#8221;#a9aab7&#8243; icon_placement=&#8221;left&#8221; use_icon_font_size=&#8221;on&#8221; icon_font_size=&#8221;24px&#8221; _builder_version=&#8221;4.9.1&#8243; header_font=&#8221;|||on|||||&#8221; header_font_size=&#8221;14px&#8221; header_letter_spacing=&#8221;1px&#8221; header_line_height=&#8221;24px&#8221; body_font=&#8221;||||||||&#8221; custom_margin=&#8221;|||&#8221;][\/et_pb_blurb][\/et_pb_column][et_pb_column type=&#8221;3_4&#8243; _builder_version=&#8221;3.25&#8243; custom_padding=&#8221;|||&#8221; custom_padding__hover=&#8221;|||&#8221;][et_pb_text _builder_version=&#8221;4.9.1&#8243; text_font=&#8221;||||||||&#8221; text_line_height=&#8221;1.8em&#8221; link_font=&#8221;||||||||&#8221; link_text_color=&#8221;#4646c4&#8243; header_font=&#8221;||||||||&#8221; header_3_font=&#8221;Lato|700|||||||&#8221; header_3_text_color=&#8221;#4646c4&#8243; header_3_line_height=&#8221;1.3em&#8221; custom_margin=&#8221;||20px|&#8221;]<\/p>\n<h3>50 Formas de combatir el sesgo (Ingl\u00e9s)<\/h3>\n<p>POR ADRIANA AGUILAR &#8211; FUNDADORA DE PROGRAMA ESCALERA &#8211; MIEMBRO DE YLAI ALUMNI BOARD &#8211; GUATEMALA<\/p>\n<p>[\/et_pb_text][et_pb_toggle title=&#8221;Adriana contribuye a dar forma y construir los sue\u00f1os de las mujeres a trav\u00e9s de la tecnolog\u00eda y la educaci\u00f3n financiera.&#8221; closed_toggle_background_color=&#8221;#ffffff&#8221; icon_color=&#8221;#4646c4&#8243; _builder_version=&#8221;4.9.1&#8243; title_font=&#8221;||||||||&#8221; title_font_size=&#8221;18px&#8221; title_line_height=&#8221;1.8em&#8221; body_font=&#8221;||||||||&#8221; body_font_size=&#8221;18px&#8221; body_line_height=&#8221;1.8em&#8221; custom_margin=&#8221;|||&#8221; custom_padding=&#8221;0px|0px|0px|0px&#8221; border_width_all=&#8221;0px&#8221;]<\/p>\n<p>Adriana Aguilar tiene m\u00e1s de 20 a\u00f1os de experiencia en gesti\u00f3n empresarial, programaci\u00f3n y educaci\u00f3n para adolescentes, adultos y personas con necesidades especiales. Fundadora de Yuxtem en 2015.<\/p>\n<p>Becaria en 2018 de la Iniciativa J\u00f3venes L\u00edderes de las Am\u00e9ricas (YLAI). Miembro actual de YLAI Alumni Board y responsable de su Comit\u00e9 de Mentor\u00eda.<\/p>\n<p>Fund\u00f3 Programa Escalera en 2017, un programa enfocado a aumentar los ingresos de las mujeres, especialmente para aquellas vulnerables a la violencia.<\/p>\n<p>M\u00e1s recientemente, particip\u00f3 como conferencista en eventos de emprendimiento, mujeres y tecnolog\u00eda en Guatemala, Paraguay, Ecuador, Colombia, Honduras, Per\u00fa, Texas (USA) y Malasia. En 2020 se convirti\u00f3 en mentora y miembro de la junta asesora de WiseHer.<\/p>\n<p>[\/et_pb_toggle][et_pb_text _builder_version=&#8221;4.9.1&#8243; text_font=&#8221;||||||||&#8221; text_font_size=&#8221;17px&#8221; text_line_height=&#8221;1.8em&#8221; link_font=&#8221;||||||||&#8221; link_text_color=&#8221;#4646c4&#8243; header_font=&#8221;||||||||&#8221; header_3_font=&#8221;Lato|700|||||||&#8221; header_3_text_color=&#8221;#4646c4&#8243; header_3_line_height=&#8221;1.3em&#8221; custom_margin=&#8221;||20px|&#8221;]<\/p>\n<p>Programa para capacitar a las personas para que identifiquen y desaf\u00eden los prejuicios de frente.<\/p>\n<p><strong>Metas<\/strong><\/p>\n<ol>\n<li>Descubra c\u00f3mo se manifiesta el sesgo en situaciones habituales en el lugar de trabajo, incluida la contrataci\u00f3n y las promociones, la din\u00e1mica de las reuniones y las interacciones del d\u00eda a d\u00eda.<\/li>\n<li>Lea sobre ejemplos de sesgos, comparta experiencias y discuta recomendaciones respaldadas por investigaciones sobre qu\u00e9 hacer<\/li>\n<li>Comprom\u00e9tase con una acci\u00f3n para luchar contra el sesgo de g\u00e9nero. \u00bfQu\u00e9 sesgo elige desafiar con el hastag #YoElijoDesafiar este a\u00f1o?<\/li>\n<\/ol>\n<p>[\/et_pb_text][\/et_pb_column][\/et_pb_row][et_pb_row column_structure=&#8221;1_4,3_4&#8243; admin_label=&#8221;Timing and speaker&#8221; _builder_version=&#8221;3.25&#8243; custom_padding=&#8221;40px|0px|40px|0px&#8221; border_color_all=&#8221;#e1e3e5&#8243; border_width_top=&#8221;1px&#8221;][et_pb_column type=&#8221;1_4&#8243; _builder_version=&#8221;3.25&#8243; custom_padding=&#8221;|||&#8221; custom_padding__hover=&#8221;|||&#8221;][et_pb_blurb title=&#8221;11:00am \u2013 11:10am&#8221; use_icon=&#8221;on&#8221; font_icon=&#8221;%%92%%&#8221; icon_color=&#8221;#a9aab7&#8243; icon_placement=&#8221;left&#8221; use_icon_font_size=&#8221;on&#8221; icon_font_size=&#8221;24px&#8221; _builder_version=&#8221;4.9.1&#8243; header_font=&#8221;|||on|||||&#8221; header_font_size=&#8221;14px&#8221; header_letter_spacing=&#8221;1px&#8221; header_line_height=&#8221;24px&#8221; body_font=&#8221;||||||||&#8221; custom_margin=&#8221;|||&#8221;][\/et_pb_blurb][\/et_pb_column][et_pb_column type=&#8221;3_4&#8243; _builder_version=&#8221;3.25&#8243; custom_padding=&#8221;|||&#8221; custom_padding__hover=&#8221;|||&#8221;][et_pb_text _builder_version=&#8221;4.9.1&#8243; text_font=&#8221;||||||||&#8221; text_line_height=&#8221;1.8em&#8221; link_font=&#8221;||||||||&#8221; link_text_color=&#8221;#4646c4&#8243; header_font=&#8221;||||||||&#8221; header_3_font=&#8221;Lato|700|||||||&#8221; header_3_text_color=&#8221;#4646c4&#8243; header_3_line_height=&#8221;1.3em&#8221; custom_margin=&#8221;||20px|&#8221;]<\/p>\n<h3>Descanso (10 Min.)<\/h3>\n<p>[\/et_pb_text][\/et_pb_column][\/et_pb_row][et_pb_row column_structure=&#8221;1_4,3_4&#8243; admin_label=&#8221;Timing and speaker&#8221; _builder_version=&#8221;3.25&#8243; custom_padding=&#8221;40px|0px|2px|0px||&#8221; border_color_all=&#8221;#e1e3e5&#8243; border_width_top=&#8221;1px&#8221;][et_pb_column type=&#8221;1_4&#8243; _builder_version=&#8221;3.25&#8243; custom_padding=&#8221;|||&#8221; custom_padding__hover=&#8221;|||&#8221;][et_pb_blurb title=&#8221;11:10am \u2013 12:00pm&#8221; use_icon=&#8221;on&#8221; font_icon=&#8221;%%92%%&#8221; icon_color=&#8221;#a9aab7&#8243; icon_placement=&#8221;left&#8221; use_icon_font_size=&#8221;on&#8221; icon_font_size=&#8221;24px&#8221; _builder_version=&#8221;4.9.1&#8243; header_font=&#8221;|||on|||||&#8221; header_font_size=&#8221;14px&#8221; header_letter_spacing=&#8221;1px&#8221; header_line_height=&#8221;24px&#8221; body_font=&#8221;||||||||&#8221; custom_margin=&#8221;|||&#8221;][\/et_pb_blurb][\/et_pb_column][et_pb_column type=&#8221;3_4&#8243; _builder_version=&#8221;3.25&#8243; custom_padding=&#8221;|||&#8221; custom_padding__hover=&#8221;|||&#8221;][et_pb_text _builder_version=&#8221;4.9.1&#8243; text_font=&#8221;||||||||&#8221; text_line_height=&#8221;1.8em&#8221; link_font=&#8221;||||||||&#8221; link_text_color=&#8221;#4646c4&#8243; header_font=&#8221;||||||||&#8221; header_3_font=&#8221;Lato|700|||||||&#8221; header_3_text_color=&#8221;#4646c4&#8243; header_3_line_height=&#8221;1.3em&#8221; custom_margin=&#8221;||20px|&#8221;]<\/p>\n<h3>Dando forma a un futuro para todos: El rol de liderazgo femenino en la cultura empresarial actual.<\/h3>\n<p><span>POR COLIN BANNING &#8211; COFUNDADOR DE TGB CONSULTING &#8211; GUATEMALA<\/span><\/p>\n<p>[\/et_pb_text][et_pb_toggle title=&#8221;Licenciado en Gesti\u00f3n Empresarial de la Universidad Rafael Land\u00edvar de Guatemala. Certificado en Liderazgo de Nuevas Empresas por el MIT.&#8221; closed_toggle_background_color=&#8221;#ffffff&#8221; icon_color=&#8221;#4646c4&#8243; _builder_version=&#8221;4.9.1&#8243; title_font=&#8221;||||||||&#8221; title_font_size=&#8221;18px&#8221; title_line_height=&#8221;1.8em&#8221; body_font=&#8221;||||||||&#8221; body_font_size=&#8221;18px&#8221; body_line_height=&#8221;1.8em&#8221; custom_margin=&#8221;|||&#8221; custom_padding=&#8221;0px|0px|0px|0px&#8221; border_width_all=&#8221;0px&#8221;]<\/p>\n<p>Cofundador y Director Ejecutivo de TGB Consulting. Colin tiene m\u00e1s de 19 a\u00f1os de experiencia trabajando en innovaci\u00f3n, desarrollo empresarial y sustentabilidad en Latinoam\u00e9rica.<\/p>\n<p>Colin se gradu\u00f3 en Administraci\u00f3n de Empresas de la Universidad Rafael Land\u00edvar de Guatemala. Certificado en Liderazgo en Nuevas Empresas del Instituto de Tecnolog\u00eda y Gesti\u00f3n de Ciencia de Datos de Massachusetts de la Universidad Johns Hopkins. Profesor universitario de la facultad de Ciencia, Tecnolog\u00eda e Industria de la Universidad Galileo y mentor de los Bootcaps de Emprendimiento de la Universidad Franciso Marroqu\u00edn de Guatemala.<\/p>\n<p>Consultor de la Divisi\u00f3n de Inversiones y Empresas de la Conferencia de las Naciones Unidas sobre Comercio y Desarrollo en Guatemala encargado del reporte de Sostenibilidad \/ ESG en el pa\u00eds. Tambi\u00e9n es miembro de la junta directiva de la Comisi\u00f3n de Servicios Integrados a la Exportaci\u00f3n de la Asociaci\u00f3n de Exportadores de Guatemala.<\/p>\n<p>[\/et_pb_toggle][\/et_pb_column][\/et_pb_row][\/et_pb_section][et_pb_section fb_built=&#8221;1&#8243; _builder_version=&#8221;4.9.1&#8243; _module_preset=&#8221;default&#8221; min_height=&#8221;669px&#8221; custom_padding=&#8221;0px||0px|||&#8221;][et_pb_row _builder_version=&#8221;4.9.1&#8243; _module_preset=&#8221;default&#8221; custom_padding=&#8221;||0px|||&#8221;][et_pb_column type=&#8221;4_4&#8243; _builder_version=&#8221;4.9.1&#8243; _module_preset=&#8221;default&#8221;][et_pb_text module_id=&#8221;times&#8221; _builder_version=&#8221;4.9.1&#8243; text_font=&#8221;||||||||&#8221; text_line_height=&#8221;1.8em&#8221; link_font=&#8221;||||||||&#8221; link_text_color=&#8221;#4646c4&#8243; header_font=&#8221;||||||||&#8221; header_3_font=&#8221;Lato|700|||||||&#8221; header_3_text_color=&#8221;#4646c4&#8243; header_3_line_height=&#8221;1.3em&#8221; custom_margin=&#8221;||3px|||&#8221;]<\/p>\n<h3>Horarios locales para Am\u00e9rica Latina, Canad\u00e1, USA y Europa<\/h3>\n<p><span>Todos los horarios de la agenda est\u00e1n en horario de M\u00e9xico y Central America | A continuaci\u00f3n encontrar\u00e1 los horarios para su pa\u00eds aplicables a ambos d\u00edas.<\/span><\/p>\n<p>[\/et_pb_text][et_pb_divider color=&#8221;#3DFFED&#8221; divider_position=&#8221;center&#8221; divider_weight=&#8221;3px&#8221; _builder_version=&#8221;4.9.1&#8243; max_width=&#8221;90px&#8221; max_width_tablet=&#8221;12%&#8221; max_width_last_edited=&#8221;off|desktop&#8221; custom_margin=&#8221;|||&#8221; animation_style=&#8221;flip&#8221; animation_delay=&#8221;100ms&#8221;][\/et_pb_divider][\/et_pb_column][\/et_pb_row][et_pb_row column_structure=&#8221;1_6,1_6,1_6,1_6,1_6,1_6&#8243; use_custom_gutter=&#8221;on&#8221; gutter_width=&#8221;2&#8243; _builder_version=&#8221;4.9.1&#8243; _module_preset=&#8221;default&#8221; width=&#8221;auto&#8221; max_width=&#8221;85%&#8221;][et_pb_column type=&#8221;1_6&#8243; _builder_version=&#8221;4.9.1&#8243; _module_preset=&#8221;default&#8221;][et_pb_text _builder_version=&#8221;4.9.1&#8243; text_font=&#8221;Ubuntu|300|||||||&#8221; text_text_color=&#8221;#535360&#8243; text_font_size=&#8221;12px&#8221; text_line_height=&#8221;1.9em&#8221; header_font=&#8221;||||||||&#8221; header_2_font=&#8221;|600|||||||&#8221; header_2_text_color=&#8221;#7272ff&#8221; header_2_font_size=&#8221;19px&#8221; header_4_font=&#8221;Lato|900||on|||||&#8221; header_4_text_color=&#8221;#4B00E1&#8243; header_4_font_size=&#8221;14px&#8221; header_4_line_height=&#8221;1.7em&#8221; background_color=&#8221;rgba(61,255,237,0.4)&#8221; text_orientation=&#8221;center&#8221; custom_margin=&#8221;|||&#8221; custom_padding=&#8221;30px|30px|30px|30px|false|false&#8221; custom_padding_tablet=&#8221;&#8221; custom_padding_phone=&#8221;40px|30px|40px|30px|false|false&#8221; custom_padding_last_edited=&#8221;on|desktop&#8221; animation_style=&#8221;slide&#8221; animation_direction=&#8221;bottom&#8221; animation_intensity_slide=&#8221;20%&#8221; animation_starting_opacity=&#8221;100%&#8221;]<\/p>\n<h4>9am a 12pm<\/h4>\n<ul>\n<li style=\"text-align: left;\">Belice<\/li>\n<li style=\"text-align: left;\">Costa Rica<\/li>\n<li style=\"text-align: left;\">El Salvador<\/li>\n<li style=\"text-align: left;\">Guatemala<\/li>\n<li style=\"text-align: left;\">Honduras<\/li>\n<li style=\"text-align: left;\">Nicaragua<\/li>\n<li style=\"text-align: left;\">M\u00e9xico<\/li>\n<\/ul>\n<p>[\/et_pb_text][\/et_pb_column][et_pb_column type=&#8221;1_6&#8243; _builder_version=&#8221;4.9.1&#8243; _module_preset=&#8221;default&#8221;][et_pb_text _builder_version=&#8221;4.9.1&#8243; text_font=&#8221;Ubuntu|300|||||||&#8221; text_text_color=&#8221;#535360&#8243; text_font_size=&#8221;12px&#8221; text_line_height=&#8221;1.9em&#8221; header_font=&#8221;||||||||&#8221; header_2_font=&#8221;|600|||||||&#8221; header_2_text_color=&#8221;#7272ff&#8221; header_2_font_size=&#8221;19px&#8221; header_4_font=&#8221;Lato|900||on|||||&#8221; header_4_text_color=&#8221;#4B00E1&#8243; header_4_font_size=&#8221;14px&#8221; header_4_line_height=&#8221;1.7em&#8221; background_color=&#8221;rgba(61,255,237,0.4)&#8221; text_orientation=&#8221;center&#8221; custom_margin=&#8221;|||&#8221; custom_padding=&#8221;30px|30px|25px|30px|false|false&#8221; custom_padding_tablet=&#8221;&#8221; custom_padding_phone=&#8221;40px|30px|40px|30px|false|false&#8221; custom_padding_last_edited=&#8221;on|desktop&#8221; animation_style=&#8221;slide&#8221; animation_direction=&#8221;bottom&#8221; animation_intensity_slide=&#8221;20%&#8221; animation_starting_opacity=&#8221;100%&#8221;]<\/p>\n<h4>10am a 1pm<\/h4>\n<ul>\n<li style=\"text-align: left;\">Colombia<\/li>\n<li style=\"text-align: left;\">Ecuador<\/li>\n<li style=\"text-align: left;\">Per\u00fa<\/li>\n<li style=\"text-align: left;\">Panam\u00e1<\/li>\n<li style=\"text-align: left;\">Islas Caim\u00e1n<\/li>\n<li style=\"text-align: left;\">Cuba<\/li>\n<li style=\"text-align: left;\">Hait\u00ed<\/li>\n<li style=\"text-align: left;\">Jamaica<\/li>\n<li style=\"text-align: left;\">Bahamas<\/li>\n<\/ul>\n<p>[\/et_pb_text][\/et_pb_column][et_pb_column type=&#8221;1_6&#8243; _builder_version=&#8221;4.9.1&#8243; _module_preset=&#8221;default&#8221;][et_pb_text _builder_version=&#8221;4.9.1&#8243; text_font=&#8221;Ubuntu|300|||||||&#8221; text_text_color=&#8221;#535360&#8243; text_font_size=&#8221;12px&#8221; text_line_height=&#8221;1.9em&#8221; header_font=&#8221;||||||||&#8221; header_2_font=&#8221;|600|||||||&#8221; header_2_text_color=&#8221;#7272ff&#8221; header_2_font_size=&#8221;19px&#8221; header_4_font=&#8221;Lato|900||on|||||&#8221; header_4_text_color=&#8221;#4B00E1&#8243; header_4_font_size=&#8221;14px&#8221; header_4_line_height=&#8221;1.7em&#8221; background_color=&#8221;rgba(61,255,237,0.4)&#8221; text_orientation=&#8221;center&#8221; custom_margin=&#8221;|||&#8221; custom_padding=&#8221;30px|30px|25px|30px|false|false&#8221; custom_padding_tablet=&#8221;&#8221; custom_padding_phone=&#8221;40px|30px|40px|30px|false|false&#8221; custom_padding_last_edited=&#8221;on|desktop&#8221; animation_style=&#8221;slide&#8221; animation_direction=&#8221;bottom&#8221; animation_intensity_slide=&#8221;20%&#8221; animation_starting_opacity=&#8221;100%&#8221;]<\/p>\n<h4>11am a 2pm<\/h4>\n<ul>\n<li style=\"text-align: left;\">Bolivia<\/li>\n<li style=\"text-align: left;\">Venezuela<\/li>\n<li style=\"text-align: left;\">Paraguay<\/li>\n<li style=\"text-align: left;\">Argentina<\/li>\n<li style=\"text-align: left;\">Rep\u00fablica Dominicana<\/li>\n<li style=\"text-align: left;\">Puerto Rico<\/li>\n<li style=\"text-align: left;\">Aruba<\/li>\n<li style=\"text-align: left;\">Curacao<\/li>\n<li style=\"text-align: left;\">Guyana<\/li>\n<li style=\"text-align: left;\">Barbados<\/li>\n<li style=\"text-align: left;\">Bermuda<\/li>\n<li style=\"text-align: left;\">Santa Luc\u00eda<\/li>\n<li style=\"text-align: left;\">Trinidad &amp; Tobago<\/li>\n<\/ul>\n<p>[\/et_pb_text][\/et_pb_column][et_pb_column type=&#8221;1_6&#8243; _builder_version=&#8221;4.9.1&#8243; _module_preset=&#8221;default&#8221;][et_pb_text _builder_version=&#8221;4.9.1&#8243; text_font=&#8221;Ubuntu|300|||||||&#8221; text_text_color=&#8221;#535360&#8243; text_font_size=&#8221;12px&#8221; text_line_height=&#8221;1.9em&#8221; header_font=&#8221;||||||||&#8221; header_2_font=&#8221;|600|||||||&#8221; header_2_text_color=&#8221;#7272ff&#8221; header_2_font_size=&#8221;19px&#8221; header_4_font=&#8221;Lato|900||on|||||&#8221; header_4_text_color=&#8221;#4B00E1&#8243; header_4_font_size=&#8221;14px&#8221; header_4_line_height=&#8221;1.7em&#8221; background_color=&#8221;rgba(61,255,237,0.4)&#8221; text_orientation=&#8221;center&#8221; custom_margin=&#8221;|||&#8221; custom_padding=&#8221;30px|30px|25px|30px|false|false&#8221; custom_padding_tablet=&#8221;&#8221; custom_padding_phone=&#8221;40px|30px|40px|30px|false|false&#8221; custom_padding_last_edited=&#8221;on|desktop&#8221; animation_style=&#8221;slide&#8221; animation_direction=&#8221;bottom&#8221; animation_intensity_slide=&#8221;20%&#8221; animation_starting_opacity=&#8221;100%&#8221;]<\/p>\n<h4>12pm a 3pm<\/h4>\n<ul>\n<li style=\"text-align: left;\">Brasil<\/li>\n<li style=\"text-align: left;\">Chile<\/li>\n<li style=\"text-align: left;\">Uruguay<\/li>\n<li style=\"text-align: left;\">Surinam<\/li>\n<\/ul>\n<p>[\/et_pb_text][\/et_pb_column][et_pb_column type=&#8221;1_6&#8243; _builder_version=&#8221;4.9.1&#8243; _module_preset=&#8221;default&#8221;][et_pb_text _builder_version=&#8221;4.9.1&#8243; text_font=&#8221;Ubuntu|300|||||||&#8221; text_text_color=&#8221;#535360&#8243; text_font_size=&#8221;12px&#8221; text_line_height=&#8221;1.9em&#8221; header_font=&#8221;||||||||&#8221; header_2_font=&#8221;|600|||||||&#8221; header_2_text_color=&#8221;#7272ff&#8221; header_2_font_size=&#8221;19px&#8221; header_4_font=&#8221;Lato|900||on|||||&#8221; header_4_text_color=&#8221;#4B00E1&#8243; header_4_font_size=&#8221;14px&#8221; header_4_line_height=&#8221;1.7em&#8221; background_color=&#8221;rgba(61,255,237,0.4)&#8221; text_orientation=&#8221;center&#8221; custom_margin=&#8221;|||&#8221; custom_padding=&#8221;30px|20px|25px|20px|false|false&#8221; custom_padding_tablet=&#8221;&#8221; custom_padding_phone=&#8221;40px|30px|40px|30px|false|false&#8221; custom_padding_last_edited=&#8221;on|desktop&#8221; animation_style=&#8221;slide&#8221; animation_direction=&#8221;bottom&#8221; animation_intensity_slide=&#8221;20%&#8221; animation_starting_opacity=&#8221;100%&#8221;]<\/p>\n<h4>USA y Canad\u00e1<\/h4>\n<ul>\n<li style=\"text-align: left;\">PST | 8 a 11am<\/li>\n<li style=\"text-align: left;\">CST | 10am a 1pm<\/li>\n<li style=\"text-align: left;\">EST | 11am a 2pm<\/li>\n<\/ul>\n<p>[\/et_pb_text][\/et_pb_column][et_pb_column type=&#8221;1_6&#8243; _builder_version=&#8221;4.9.1&#8243; _module_preset=&#8221;default&#8221;][et_pb_text _builder_version=&#8221;4.9.1&#8243; text_font=&#8221;Ubuntu|300|||||||&#8221; text_text_color=&#8221;#535360&#8243; text_font_size=&#8221;12px&#8221; text_line_height=&#8221;1.9em&#8221; header_font=&#8221;||||||||&#8221; header_2_font=&#8221;|600|||||||&#8221; header_2_text_color=&#8221;#7272ff&#8221; header_2_font_size=&#8221;19px&#8221; header_4_font=&#8221;Lato|900||on|||||&#8221; header_4_text_color=&#8221;#4B00E1&#8243; header_4_font_size=&#8221;14px&#8221; header_4_line_height=&#8221;1.7em&#8221; background_color=&#8221;rgba(61,255,237,0.4)&#8221; text_orientation=&#8221;center&#8221; custom_margin=&#8221;|||&#8221; custom_padding=&#8221;30px|30px|25px|30px|false|false&#8221; custom_padding_tablet=&#8221;&#8221; custom_padding_phone=&#8221;40px|30px|40px|30px|false|false&#8221; custom_padding_last_edited=&#8221;on|desktop&#8221; animation_style=&#8221;slide&#8221; animation_direction=&#8221;bottom&#8221; animation_intensity_slide=&#8221;20%&#8221; animation_starting_opacity=&#8221;100%&#8221;]<\/p>\n<h4>Europa<\/h4>\n<ul>\n<li style=\"text-align: left;\">GMT | 3 a 6 pm<\/li>\n<li style=\"text-align: left;\">CET | 4 a 7 pm<\/li>\n<\/ul>\n<p>[\/et_pb_text][\/et_pb_column][\/et_pb_row][\/et_pb_section]<\/p>\n","protected":false},"excerpt":{"rendered":"<p>Desafiando el sesgo de g\u00e9nero en el emprendimientoAgenda y horarios locales para Canad\u00e1, USA, Am\u00e9rica Latina y el CaribeD\u00eda 1 &#8211; Conferencias y Panel &#8211; Mi\u00e9rcoles 24 de marzo, 2021Palabras de bienvenida POR JENNIFER SCHELL &#8211; PRESIDENTA DE YLAI ALUMNI BOARD &#8211; FUNDADORA DE TRABAJA MAMA &#8211; VENEZUELAMujer y Madre; Licenciada en Ciencias Pol\u00edticas por [&hellip;]<\/p>\n","protected":false},"author":1,"featured_media":0,"parent":0,"menu_order":0,"comment_status":"closed","ping_status":"closed","template":"","meta":{"_acf_changed":false,"_et_pb_use_builder":"on","_et_pb_old_content":"<!-- wp:divi\/placeholder \/-->","_et_gb_content_width":"","footnotes":""},"class_list":["post-82","page","type-page","status-publish","hentry"],"acf":[],"jetpack_sharing_enabled":true,"_links":{"self":[{"href":"https:\/\/programaescalera.org\/dimes\/wp-json\/wp\/v2\/pages\/82","targetHints":{"allow":["GET"]}}],"collection":[{"href":"https:\/\/programaescalera.org\/dimes\/wp-json\/wp\/v2\/pages"}],"about":[{"href":"https:\/\/programaescalera.org\/dimes\/wp-json\/wp\/v2\/types\/page"}],"author":[{"embeddable":true,"href":"https:\/\/programaescalera.org\/dimes\/wp-json\/wp\/v2\/users\/1"}],"replies":[{"embeddable":true,"href":"https:\/\/programaescalera.org\/dimes\/wp-json\/wp\/v2\/comments?post=82"}],"version-history":[{"count":6,"href":"https:\/\/programaescalera.org\/dimes\/wp-json\/wp\/v2\/pages\/82\/revisions"}],"predecessor-version":[{"id":261,"href":"https:\/\/programaescalera.org\/dimes\/wp-json\/wp\/v2\/pages\/82\/revisions\/261"}],"wp:attachment":[{"href":"https:\/\/programaescalera.org\/dimes\/wp-json\/wp\/v2\/media?parent=82"}],"curies":[{"name":"wp","href":"https:\/\/api.w.org\/{rel}","templated":true}]}}